{"id":14424,"date":"2025-02-13T19:51:45","date_gmt":"2025-02-13T19:51:45","guid":{"rendered":"https:\/\/www.augmentir.com\/?page_id=14424"},"modified":"2025-05-25T10:31:52","modified_gmt":"2025-05-25T10:31:52","slug":"workforce-management","status":"publish","type":"page","link":"https:\/\/www.augmentir.com\/es\/workforce-management","title":{"rendered":"Temas y herramientas de gesti\u00f3n de la fuerza laboral"},"content":{"rendered":"<div id='hero-section'  class='avia-section main_color avia-section-default avia-no-border-styling avia-bg-style-scroll  avia-builder-el-0  el_before_av_section  avia-builder-el-first   container_wrap sidebar_right' style='background-color: #1d313a;  '  ><div class='container' ><main  role=\"main\" itemprop=\"mainContentOfPage\"  class='template-page content  av-content-small alpha units'><div class='post-entry post-entry-type-page post-entry-14424'><div class='entry-content-wrapper clearfix'>\n<div class=\"flex_column av_one_full  av-break-at-tablet flex_column_div first  avia-builder-el-1  avia-builder-el-no-sibling  header-row\" style='padding:0px 20% 0px 20% ; border-radius:0px; '><section class=\"av_textblock_section\"  itemscope=\"itemscope\" itemtype=\"https:\/\/schema.org\/CreativeWork\" ><div class='avia_textblock eyebrow-headline av_inherit_color'  style='color:#ffffff; '  itemprop=\"text\" ><p style=\"text-align: center;\">Temas de gesti\u00f3n de la fuerza laboral<\/p>\n<\/div><\/section><br \/>\n<div  style='padding-bottom:12px; margin-top:26px; color:#ffffff;font-size:53px;' class='av-special-heading av-special-heading-h1 custom-color-heading blockquote modern-quote modern-centered  avia-builder-el-3  el_after_av_textblock  avia-builder-el-last  av-inherit-size'><h1 class='av-special-heading-tag'  itemprop=\"headline\"  >Temas y herramientas de gesti\u00f3n de la fuerza laboral<\/h1><div class='special-heading-border'><div class='special-heading-inner-border' style='border-color:#ffffff'><\/div><\/div><\/div><\/p><\/div>\n\n<\/div><\/div><\/main><!-- close content main element --><\/div><\/div><div id='av_section_2'  class='avia-section main_color avia-section-default avia-no-border-styling avia-bg-style-scroll  avia-builder-el-4  el_after_av_section  avia-builder-el-last   container_wrap sidebar_right' style=' '  ><div class='container' ><div class='template-page content  av-content-small alpha units'><div class='post-entry post-entry-type-page post-entry-14424'><div class='entry-content-wrapper clearfix'>\n<div class=\"flex_column av_one_full  flex_column_div first  avia-builder-el-5  avia-builder-el-no-sibling  header-row\" style='padding:0px 20% 0px 20% ; border-radius:0px; '><div  class='avia-icon-list-container   avia-builder-el-6  avia-builder-el-no-sibling'><ul class='avia-icon-list avia-icon-list-left av-iconlist-big avia_animate_when_almost_visible'>\n<li><a href='https:\/\/www.augmentir.com\/es\/glossary\/what-is-competency-management' title='Gesti\u00f3n de competencias'   style='background-color:#ffffff; color:#fc704a; ' class='iconlist_icon  avia-font-entypo-fontello'><span class='iconlist-char' aria-hidden='true' data-av_icon='\ue811' data-av_iconfont='entypo-fontello'><\/span><\/a><article class=\"article-icon-entry\"  itemscope=\"itemscope\" itemtype=\"https:\/\/schema.org\/CreativeWork\" ><div class='iconlist_content_wrap'><header class=\"entry-content-header\"><h4 class='av_iconlist_title iconlist_title'  itemprop=\"headline\"  ><a href='https:\/\/www.augmentir.com\/es\/glossary\/what-is-competency-management' title='Gesti\u00f3n de competencias'>Gesti\u00f3n de competencias<\/a><\/h4><\/header><div class='iconlist_content'  itemprop=\"text\"  ><p>Conozca qu\u00e9 es el software de gesti\u00f3n de competencias y los beneficios de utilizarlo para gestionar las habilidades y aumentar la productividad de los trabajadores.<\/p>\n<\/div><\/div><footer class=\"entry-footer\"><\/footer><\/article><div class='iconlist-timeline'><\/div><\/li>\n<li><a href='https:\/\/www.augmentir.com\/es\/workforce-management\/job-cover-matrix' title='Matriz de cobertura de puestos'   style='background-color:#ffffff; color:#fc704a; ' class='iconlist_icon  avia-font-entypo-fontello'><span class='iconlist-char' aria-hidden='true' data-av_icon='\ue811' data-av_iconfont='entypo-fontello'><\/span><\/a><article class=\"article-icon-entry\"  itemscope=\"itemscope\" itemtype=\"https:\/\/schema.org\/CreativeWork\" ><div class='iconlist_content_wrap'><header class=\"entry-content-header\"><h4 class='av_iconlist_title iconlist_title'  itemprop=\"headline\"  ><a href='https:\/\/www.augmentir.com\/es\/workforce-management\/job-cover-matrix' title='Matriz de cobertura de puestos'>Matriz de cobertura de puestos<\/a><\/h4><\/header><div class='iconlist_content'  itemprop=\"text\"  ><p>Aprenda qu\u00e9 es una matriz de cobertura de puestos y c\u00f3mo se utiliza una herramienta de matriz de cobertura de puestos en la planificaci\u00f3n de la fuerza laboral y la gesti\u00f3n de operaciones de fabricaci\u00f3n.<\/p>\n<\/div><\/div><footer class=\"entry-footer\"><\/footer><\/article><div class='iconlist-timeline'><\/div><\/li>\n<li><a href='https:\/\/www.augmentir.com\/es\/glossary\/performance-management-software' title='Software de gesti\u00f3n del rendimiento'   style='background-color:#ffffff; color:#fc704a; ' class='iconlist_icon  avia-font-entypo-fontello'><span class='iconlist-char' aria-hidden='true' data-av_icon='\ue811' data-av_iconfont='entypo-fontello'><\/span><\/a><article class=\"article-icon-entry\"  itemscope=\"itemscope\" itemtype=\"https:\/\/schema.org\/CreativeWork\" ><div class='iconlist_content_wrap'><header class=\"entry-content-header\"><h4 class='av_iconlist_title iconlist_title'  itemprop=\"headline\"  ><a href='https:\/\/www.augmentir.com\/es\/glossary\/performance-management-software' title='Software de gesti\u00f3n del rendimiento'>Software de gesti\u00f3n del rendimiento<\/a><\/h4><\/header><div class='iconlist_content'  itemprop=\"text\"  ><p>Conozca el software de gesti\u00f3n del rendimiento en la fabricaci\u00f3n, sus beneficios, caracter\u00edsticas clave y c\u00f3mo mejorarlo con tecnolog\u00eda de trabajadores conectados basada en IA.<\/p>\n<\/div><\/div><footer class=\"entry-footer\"><\/footer><\/article><div class='iconlist-timeline'><\/div><\/li>\n<li><a href='https:\/\/www.augmentir.com\/es\/glossary\/skills-intelligence' title='Inteligencia de habilidades'   style='background-color:#ffffff; color:#fc704a; ' class='iconlist_icon  avia-font-entypo-fontello'><span class='iconlist-char' aria-hidden='true' data-av_icon='\ue811' data-av_iconfont='entypo-fontello'><\/span><\/a><article class=\"article-icon-entry\"  itemscope=\"itemscope\" itemtype=\"https:\/\/schema.org\/CreativeWork\" ><div class='iconlist_content_wrap'><header class=\"entry-content-header\"><h4 class='av_iconlist_title iconlist_title'  itemprop=\"headline\"  ><a href='https:\/\/www.augmentir.com\/es\/glossary\/skills-intelligence' title='Inteligencia de habilidades'>Inteligencia de habilidades<\/a><\/h4><\/header><div class='iconlist_content'  itemprop=\"text\"  ><p>Aprenda qu\u00e9 es la inteligencia de habilidades y c\u00f3mo puede ayudar a solucionar las brechas de conocimiento y habilidades y mejorar las operaciones de fabricaci\u00f3n.<\/p>\n<\/div><\/div><footer class=\"entry-footer\"><\/footer><\/article><div class='iconlist-timeline'><\/div><\/li>\n<li><a href='https:\/\/www.augmentir.com\/es\/glossary\/what-is-skills-management' title='Gesti\u00f3n de habilidades'   style='background-color:#ffffff; color:#fc704a; ' class='iconlist_icon  avia-font-entypo-fontello'><span class='iconlist-char' aria-hidden='true' data-av_icon='\ue811' data-av_iconfont='entypo-fontello'><\/span><\/a><article class=\"article-icon-entry\"  itemscope=\"itemscope\" itemtype=\"https:\/\/schema.org\/CreativeWork\" ><div class='iconlist_content_wrap'><header class=\"entry-content-header\"><h4 class='av_iconlist_title iconlist_title'  itemprop=\"headline\"  ><a href='https:\/\/www.augmentir.com\/es\/glossary\/what-is-skills-management' title='Gesti\u00f3n de habilidades'>Gesti\u00f3n de habilidades<\/a><\/h4><\/header><div class='iconlist_content'  itemprop=\"text\"  ><p>Conozca qu\u00e9 es la gesti\u00f3n de habilidades y por qu\u00e9 es importante realizar un seguimiento digital de las habilidades y capacidades de los empleados.<\/p>\n<\/div><\/div><footer class=\"entry-footer\"><\/footer><\/article><div class='iconlist-timeline'><\/div><\/li>\n<li><a href='https:\/\/www.augmentir.com\/es\/glossary\/skills-taxonomy' title='Taxonom\u00eda de habilidades'   style='background-color:#ffffff; color:#fc704a; ' class='iconlist_icon  avia-font-entypo-fontello'><span class='iconlist-char' aria-hidden='true' data-av_icon='\ue811' data-av_iconfont='entypo-fontello'><\/span><\/a><article class=\"article-icon-entry\"  itemscope=\"itemscope\" itemtype=\"https:\/\/schema.org\/CreativeWork\" ><div class='iconlist_content_wrap'><header class=\"entry-content-header\"><h4 class='av_iconlist_title iconlist_title'  itemprop=\"headline\"  ><a href='https:\/\/www.augmentir.com\/es\/glossary\/skills-taxonomy' title='Taxonom\u00eda de habilidades'>Taxonom\u00eda de habilidades<\/a><\/h4><\/header><div class='iconlist_content'  itemprop=\"text\"  ><p>Aprenda qu\u00e9 es una taxonom\u00eda de habilidades y c\u00f3mo puede ayudar a transformar la forma en que clasifica y organiza las habilidades de los empleados para maximizar la producci\u00f3n.<\/p>\n<\/div><\/div><footer class=\"entry-footer\"><\/footer><\/article><div class='iconlist-timeline'><\/div><\/li>\n<li><a href='https:\/\/www.augmentir.com\/es\/glossary\/tacit-knowledge' title='Conocimiento t\u00e1cito'   style='background-color:#ffffff; color:#fc704a; ' class='iconlist_icon  avia-font-entypo-fontello'><span class='iconlist-char' aria-hidden='true' data-av_icon='\ue811' data-av_iconfont='entypo-fontello'><\/span><\/a><article class=\"article-icon-entry\"  itemscope=\"itemscope\" itemtype=\"https:\/\/schema.org\/CreativeWork\" ><div class='iconlist_content_wrap'><header class=\"entry-content-header\"><h4 class='av_iconlist_title iconlist_title'  itemprop=\"headline\"  ><a href='https:\/\/www.augmentir.com\/es\/glossary\/tacit-knowledge' title='Conocimiento t\u00e1cito'>Conocimiento t\u00e1cito<\/a><\/h4><\/header><div class='iconlist_content'  itemprop=\"text\"  ><p>Descubra qu\u00e9 es el conocimiento t\u00e1cito, por qu\u00e9 es dif\u00edcil capturarlo y c\u00f3mo digitalizarlo en la fabricaci\u00f3n con Augmentir.<\/p>\n<\/div><\/div><footer class=\"entry-footer\"><\/footer><\/article><div class='iconlist-timeline'><\/div><\/li>\n<li><a href='https:\/\/www.augmentir.com\/es\/glossary\/what-is-tribal-knowledge' title='Conocimiento tribal'   style='background-color:#ffffff; color:#fc704a; ' class='iconlist_icon  avia-font-entypo-fontello'><span class='iconlist-char' aria-hidden='true' data-av_icon='\ue811' data-av_iconfont='entypo-fontello'><\/span><\/a><article class=\"article-icon-entry\"  itemscope=\"itemscope\" itemtype=\"https:\/\/schema.org\/CreativeWork\" ><div class='iconlist_content_wrap'><header class=\"entry-content-header\"><h4 class='av_iconlist_title iconlist_title'  itemprop=\"headline\"  ><a href='https:\/\/www.augmentir.com\/es\/glossary\/what-is-tribal-knowledge' title='Conocimiento tribal'>Conocimiento tribal<\/a><\/h4><\/header><div class='iconlist_content'  itemprop=\"text\"  ><p>Descubra qu\u00e9 es el conocimiento tribal en la industria manufacturera y c\u00f3mo las empresas utilizan ahora la tecnolog\u00eda digital para ayudar a capturar este valioso conocimiento y convertirlo en un activo corporativo compartible.<\/p>\n<\/div><\/div><footer class=\"entry-footer\"><\/footer><\/article><div class='iconlist-timeline'><\/div><\/li>\n<li><a href='https:\/\/www.augmentir.com\/es\/glossary\/workflow-learning' title='Tecnolog\u00eda de aprendizaje de flujo de trabajo'   style='background-color:#ffffff; color:#fc704a; ' class='iconlist_icon  avia-font-entypo-fontello'><span class='iconlist-char' aria-hidden='true' data-av_icon='\ue811' data-av_iconfont='entypo-fontello'><\/span><\/a><article class=\"article-icon-entry\"  itemscope=\"itemscope\" itemtype=\"https:\/\/schema.org\/CreativeWork\" ><div class='iconlist_content_wrap'><header class=\"entry-content-header\"><h4 class='av_iconlist_title iconlist_title'  itemprop=\"headline\"  ><a href='https:\/\/www.augmentir.com\/es\/glossary\/workflow-learning' title='Tecnolog\u00eda de aprendizaje de flujo de trabajo'>Tecnolog\u00eda de aprendizaje de flujo de trabajo<\/a><\/h4><\/header><div class='iconlist_content'  itemprop=\"text\"  ><p>Aprenda a modernizar el aprendizaje y el desarrollo con tecnolog\u00eda de aprendizaje de flujo de trabajo y soluciones para trabajadores conectados en la fabricaci\u00f3n.<\/p>\n<\/div><\/div><footer class=\"entry-footer\"><\/footer><\/article><div class='iconlist-timeline'><\/div><\/li>\n<li><a href='https:\/\/www.augmentir.com\/es\/glossary\/workforce-readiness-in-manufacturing' title='Preparaci\u00f3n de la fuerza laboral'   style='background-color:#ffffff; color:#fc704a; ' class='iconlist_icon  avia-font-entypo-fontello'><span class='iconlist-char' aria-hidden='true' data-av_icon='\ue811' data-av_iconfont='entypo-fontello'><\/span><\/a><article class=\"article-icon-entry\"  itemscope=\"itemscope\" itemtype=\"https:\/\/schema.org\/CreativeWork\" ><div class='iconlist_content_wrap'><header class=\"entry-content-header\"><h4 class='av_iconlist_title iconlist_title'  itemprop=\"headline\"  ><a href='https:\/\/www.augmentir.com\/es\/glossary\/workforce-readiness-in-manufacturing' title='Preparaci\u00f3n de la fuerza laboral'>Preparaci\u00f3n de la fuerza laboral<\/a><\/h4><\/header><div class='iconlist_content'  itemprop=\"text\"  ><p>Obtenga informaci\u00f3n sobre la preparaci\u00f3n de la fuerza laboral y c\u00f3mo las plataformas de trabajadores conectados impulsadas por IA est\u00e1n mejorando la preparaci\u00f3n de la fuerza laboral en la fabricaci\u00f3n.<\/p>\n<\/div><\/div><footer class=\"entry-footer\"><\/footer><\/article><div class='iconlist-timeline'><\/div><\/li>\n<\/ul><\/div><\/div><\/div><\/div><\/div><!-- close content main div --><\/div><\/div><div id='after_section_2'  class='main_color av_default_container_wrap container_wrap sidebar_right' style=' '  ><div class='container' ><div class='template-page content  av-content-small alpha units'><div class='post-entry post-entry-type-page post-entry-14424'><div class='entry-content-wrapper clearfix'>","protected":false},"excerpt":{"rendered":"","protected":false},"author":1,"featured_media":0,"parent":0,"menu_order":0,"comment_status":"closed","ping_status":"closed","template":"","meta":{"inline_featured_image":false,"_lmt_disableupdate":"no","_lmt_disable":"","footnotes":""},"class_list":["post-14424","page","type-page","status-publish","hentry"],"yoast_head":"<!-- This site is optimized with the Yoast SEO plugin v27.2 - https:\/\/yoast.com\/product\/yoast-seo-wordpress\/ -->\n<title>Workforce Management Topics and Tools - Augmentir<\/title>\n<meta name=\"description\" content=\"Digitize skills tracking, training, and workforce development with Augmentir&#039;s workforce development solution.\" \/>\n<meta name=\"robots\" content=\"index, follow, max-snippet:-1, max-image-preview:large, max-video-preview:-1\" \/>\n<link rel=\"canonical\" href=\"https:\/\/www.augmentir.com\/es\/workforce-management\" \/>\n<meta property=\"og:locale\" content=\"es_ES\" \/>\n<meta property=\"og:type\" content=\"article\" \/>\n<meta property=\"og:title\" content=\"Workforce Management Topics and Tools - Augmentir\" \/>\n<meta property=\"og:description\" content=\"Digitize skills tracking, training, and workforce development with Augmentir&#039;s workforce development solution.\" \/>\n<meta property=\"og:url\" content=\"https:\/\/www.augmentir.com\/es\/workforce-management\" \/>\n<meta property=\"og:site_name\" content=\"Augmentir\" \/>\n<meta property=\"article:modified_time\" content=\"2025-05-25T10:31:52+00:00\" \/>\n<meta name=\"twitter:card\" content=\"summary_large_image\" \/>\n<meta name=\"twitter:site\" content=\"@augmentir\" \/>\n<script type=\"application\/ld+json\" class=\"yoast-schema-graph\">{\"@context\":\"https:\/\/schema.org\",\"@graph\":[{\"@type\":\"WebPage\",\"@id\":\"https:\/\/www.augmentir.com\/workforce-management\",\"url\":\"https:\/\/www.augmentir.com\/workforce-management\",\"name\":\"Workforce Management Topics and Tools - Augmentir\",\"isPartOf\":{\"@id\":\"https:\/\/www.augmentir.com\/#website\"},\"datePublished\":\"2025-02-13T19:51:45+00:00\",\"dateModified\":\"2025-05-25T10:31:52+00:00\",\"description\":\"Digitize skills tracking, training, and workforce development with Augmentir's workforce development solution.\",\"breadcrumb\":{\"@id\":\"https:\/\/www.augmentir.com\/workforce-management#breadcrumb\"},\"inLanguage\":\"es\",\"potentialAction\":[{\"@type\":\"ReadAction\",\"target\":[\"https:\/\/www.augmentir.com\/workforce-management\"]}]},{\"@type\":\"BreadcrumbList\",\"@id\":\"https:\/\/www.augmentir.com\/workforce-management#breadcrumb\",\"itemListElement\":[{\"@type\":\"ListItem\",\"position\":1,\"name\":\"Home\",\"item\":\"https:\/\/www.augmentir.com\/\"},{\"@type\":\"ListItem\",\"position\":2,\"name\":\"Workforce Management Topics and Tools\"}]},{\"@type\":\"WebSite\",\"@id\":\"https:\/\/www.augmentir.com\/#website\",\"url\":\"https:\/\/www.augmentir.com\/\",\"name\":\"Augmentir\",\"description\":\"AI-Powered Connected Worker Platform\",\"publisher\":{\"@id\":\"https:\/\/www.augmentir.com\/#organization\"},\"potentialAction\":[{\"@type\":\"SearchAction\",\"target\":{\"@type\":\"EntryPoint\",\"urlTemplate\":\"https:\/\/www.augmentir.com\/?s={search_term_string}\"},\"query-input\":{\"@type\":\"PropertyValueSpecification\",\"valueRequired\":true,\"valueName\":\"search_term_string\"}}],\"inLanguage\":\"es\"},{\"@type\":\"Organization\",\"@id\":\"https:\/\/www.augmentir.com\/#organization\",\"name\":\"Augmentir, Inc.\",\"url\":\"https:\/\/www.augmentir.com\/\",\"logo\":{\"@type\":\"ImageObject\",\"inLanguage\":\"es\",\"@id\":\"https:\/\/www.augmentir.com\/#\/schema\/logo\/image\/\",\"url\":\"https:\/\/www.augmentir.com\/wp-content\/uploads\/2021\/10\/Augmentir_Logo.svg\",\"contentUrl\":\"https:\/\/www.augmentir.com\/wp-content\/uploads\/2021\/10\/Augmentir_Logo.svg\",\"width\":\"1200\",\"height\":\"1200\",\"caption\":\"Augmentir, Inc.\"},\"image\":{\"@id\":\"https:\/\/www.augmentir.com\/#\/schema\/logo\/image\/\"},\"sameAs\":[\"https:\/\/x.com\/augmentir\",\"https:\/\/www.linkedin.com\/company\/augmentir\"]}]}<\/script>\n<!-- \/ Yoast SEO plugin. -->","yoast_head_json":{"title":"Workforce Management Topics and Tools - Augmentir","description":"Digitize skills tracking, training, and workforce development with Augmentir's workforce development solution.","robots":{"index":"index","follow":"follow","max-snippet":"max-snippet:-1","max-image-preview":"max-image-preview:large","max-video-preview":"max-video-preview:-1"},"canonical":"https:\/\/www.augmentir.com\/es\/workforce-management","og_locale":"es_ES","og_type":"article","og_title":"Workforce Management Topics and Tools - Augmentir","og_description":"Digitize skills tracking, training, and workforce development with Augmentir's workforce development solution.","og_url":"https:\/\/www.augmentir.com\/es\/workforce-management","og_site_name":"Augmentir","article_modified_time":"2025-05-25T10:31:52+00:00","twitter_card":"summary_large_image","twitter_site":"@augmentir","schema":{"@context":"https:\/\/schema.org","@graph":[{"@type":"WebPage","@id":"https:\/\/www.augmentir.com\/workforce-management","url":"https:\/\/www.augmentir.com\/workforce-management","name":"Workforce Management Topics and Tools - Augmentir","isPartOf":{"@id":"https:\/\/www.augmentir.com\/#website"},"datePublished":"2025-02-13T19:51:45+00:00","dateModified":"2025-05-25T10:31:52+00:00","description":"Digitize skills tracking, training, and workforce development with Augmentir's workforce development solution.","breadcrumb":{"@id":"https:\/\/www.augmentir.com\/workforce-management#breadcrumb"},"inLanguage":"es","potentialAction":[{"@type":"ReadAction","target":["https:\/\/www.augmentir.com\/workforce-management"]}]},{"@type":"BreadcrumbList","@id":"https:\/\/www.augmentir.com\/workforce-management#breadcrumb","itemListElement":[{"@type":"ListItem","position":1,"name":"Home","item":"https:\/\/www.augmentir.com\/"},{"@type":"ListItem","position":2,"name":"Workforce Management Topics and Tools"}]},{"@type":"WebSite","@id":"https:\/\/www.augmentir.com\/#website","url":"https:\/\/www.augmentir.com\/","name":"Augmentir","description":"AI-Powered Connected Worker Platform","publisher":{"@id":"https:\/\/www.augmentir.com\/#organization"},"potentialAction":[{"@type":"SearchAction","target":{"@type":"EntryPoint","urlTemplate":"https:\/\/www.augmentir.com\/?s={search_term_string}"},"query-input":{"@type":"PropertyValueSpecification","valueRequired":true,"valueName":"search_term_string"}}],"inLanguage":"es"},{"@type":"Organization","@id":"https:\/\/www.augmentir.com\/#organization","name":"Augmentir, Inc.","url":"https:\/\/www.augmentir.com\/","logo":{"@type":"ImageObject","inLanguage":"es","@id":"https:\/\/www.augmentir.com\/#\/schema\/logo\/image\/","url":"https:\/\/www.augmentir.com\/wp-content\/uploads\/2021\/10\/Augmentir_Logo.svg","contentUrl":"https:\/\/www.augmentir.com\/wp-content\/uploads\/2021\/10\/Augmentir_Logo.svg","width":"1200","height":"1200","caption":"Augmentir, Inc."},"image":{"@id":"https:\/\/www.augmentir.com\/#\/schema\/logo\/image\/"},"sameAs":["https:\/\/x.com\/augmentir","https:\/\/www.linkedin.com\/company\/augmentir"]}]}},"_links":{"self":[{"href":"https:\/\/www.augmentir.com\/es\/wp-json\/wp\/v2\/pages\/14424","targetHints":{"allow":["GET"]}}],"collection":[{"href":"https:\/\/www.augmentir.com\/es\/wp-json\/wp\/v2\/pages"}],"about":[{"href":"https:\/\/www.augmentir.com\/es\/wp-json\/wp\/v2\/types\/page"}],"author":[{"embeddable":true,"href":"https:\/\/www.augmentir.com\/es\/wp-json\/wp\/v2\/users\/1"}],"replies":[{"embeddable":true,"href":"https:\/\/www.augmentir.com\/es\/wp-json\/wp\/v2\/comments?post=14424"}],"version-history":[{"count":0,"href":"https:\/\/www.augmentir.com\/es\/wp-json\/wp\/v2\/pages\/14424\/revisions"}],"wp:attachment":[{"href":"https:\/\/www.augmentir.com\/es\/wp-json\/wp\/v2\/media?parent=14424"}],"curies":[{"name":"wp","href":"https:\/\/api.w.org\/{rel}","templated":true}]}}