{"id":14275,"date":"2024-11-01T13:55:34","date_gmt":"2024-11-01T13:55:34","guid":{"rendered":"https:\/\/www.augmentir.com\/?page_id=14275"},"modified":"2026-01-08T17:21:25","modified_gmt":"2026-01-08T17:21:25","slug":"awards","status":"publish","type":"page","link":"https:\/\/www.augmentir.com\/es\/awards","title":{"rendered":"Premios"},"content":{"rendered":"<div id='av_section_1'  class='avia-section main_color avia-section-default avia-no-border-styling avia-bg-style-scroll  avia-builder-el-0  el_before_av_section  avia-builder-el-first   container_wrap sidebar_right' style='background-color: #061d27;  '  ><div class='container' ><main  role=\"main\" itemprop=\"mainContentOfPage\"  class='template-page content  av-content-small alpha units'><div class='post-entry post-entry-type-page post-entry-14275'><div class='entry-content-wrapper clearfix'>\n<div class=\"flex_column av_one_full  flex_column_div av-zero-column-padding first  avia-builder-el-1  avia-builder-el-no-sibling\" style='border-radius:0px; '><section class=\"av_textblock_section\"  itemscope=\"itemscope\" itemtype=\"https:\/\/schema.org\/CreativeWork\" ><div class='avia_textblock eyebrow-headline-hero av_inherit_color'  style='color:#ffffff; '  itemprop=\"text\" ><p style=\"text-align: left;\">Premios<\/p>\n<\/div><\/section><br \/>\n<div  style='padding-bottom:12px; margin-top:30px; color:#ffffff;font-size:52px;' class='av-special-heading av-special-heading-h1 custom-color-heading blockquote modern-quote  avia-builder-el-3  el_after_av_textblock  el_before_av_textblock  av-inherit-size'><h1 class='av-special-heading-tag'  itemprop=\"headline\"  >Augmentir: El l\u00edder trabajador conectado<\/h1><div class='special-heading-border'><div class='special-heading-inner-border' style='border-color:#ffffff'><\/div><\/div><\/div><br \/>\n<section class=\"av_textblock_section\"  itemscope=\"itemscope\" itemtype=\"https:\/\/schema.org\/CreativeWork\" ><div class='avia_textblock  av_inherit_color'  style='color:#ffffff; '  itemprop=\"text\" ><p><strong>3 Turba<\/strong>:Seleccionado como el <em><strong>L\u00edder<\/strong><\/em> por todos los principales analistas durante 3 a\u00f1os consecutivos.<\/p>\n<\/div><\/section><\/p><\/div>\n\n<\/div><\/div><\/main><!-- close content main element --><\/div><\/div><div id='recognition'  class='avia-section main_color avia-section-no-padding avia-no-border-styling avia-bg-style-scroll  avia-builder-el-5  el_after_av_section  el_before_av_section   container_wrap sidebar_right' style='background-color: #e1e7ea;  '  ><div class='container' ><div class='template-page content  av-content-small alpha units'><div class='post-entry post-entry-type-page post-entry-14275'><div class='entry-content-wrapper clearfix'>\n<div  style='height:50px' class='hr hr-invisible   avia-builder-el-6  el_before_av_one_fourth  avia-builder-el-first'><span class='hr-inner' ><span class='hr-inner-style'><\/span><\/span><\/div>\n<div class=\"flex_column av_one_fourth  flex_column_div first  avia-builder-el-7  el_after_av_hr  el_before_av_one_fourth  award-column\" style='margin-top:30px; margin-bottom:30px; padding:10px; border-radius:0px; '><p><div  class='avia-image-container  av-styling-no-styling    avia-builder-el-8  el_before_av_textblock  avia-builder-el-first  avia-align-center'  itemprop=\"image\" itemscope=\"itemscope\" itemtype=\"https:\/\/schema.org\/ImageObject\"  ><div class='avia-image-container-inner'><div class='avia-image-overlay-wrap'><a href='https:\/\/www.augmentir.com\/es\/blog\/frost-sullivan-names-augmentir-leader-on-the-frost-radar-connected-worker-platforms-2024' class='avia_image'  ><img class='avia_image' src='https:\/\/www.augmentir.com\/wp-content\/uploads\/2024\/11\/award-fs-radar.png' alt='' title=''  itemprop=\"thumbnailUrl\"  \/><\/a><\/div><\/div><\/div><br \/>\n<section class=\"av_textblock_section\"  itemscope=\"itemscope\" itemtype=\"https:\/\/schema.org\/CreativeWork\" ><div class='avia_textblock'   itemprop=\"text\" ><p style=\"text-align: center;\"><strong>Radar\u2122 de Frost &amp; Sullivan 2025<\/strong><\/p>\n<p style=\"text-align: center;\">Plataformas de trabajadores conectados<\/p>\n<\/div><\/section><\/p><\/div><div class=\"flex_column av_one_fourth  flex_column_div   avia-builder-el-10  el_after_av_one_fourth  el_before_av_one_fourth  award-column\" style='margin-top:30px; margin-bottom:30px; padding:10px; border-radius:0px; '><p><div  class='avia-image-container  av-styling-no-styling    avia-builder-el-11  el_before_av_textblock  avia-builder-el-first  avia-align-center'  itemprop=\"image\" itemscope=\"itemscope\" itemtype=\"https:\/\/schema.org\/ImageObject\"  ><div class='avia-image-container-inner'><div class='avia-image-overlay-wrap'><a href='https:\/\/www.augmentir.com\/es\/blog\/lns-research-connected-worker-ssm' class='avia_image'  ><img class='avia_image' src='https:\/\/www.augmentir.com\/wp-content\/uploads\/2023\/08\/award-lns.png' alt='' title=''  itemprop=\"thumbnailUrl\"  \/><\/a><\/div><\/div><\/div><br \/>\n<section class=\"av_textblock_section\"  itemscope=\"itemscope\" itemtype=\"https:\/\/schema.org\/CreativeWork\" ><div class='avia_textblock'   itemprop=\"text\" ><p style=\"text-align: center;\"><strong>Matriz de investigaci\u00f3n LNS 2024<\/strong><\/p>\n<p style=\"text-align: center;\">Plataformas de trabajadores conectados<\/p>\n<\/div><\/section><\/p><\/div><div class=\"flex_column av_one_fourth  flex_column_div   avia-builder-el-13  el_after_av_one_fourth  el_before_av_one_fourth  award-column\" style='margin-top:30px; margin-bottom:30px; padding:10px; border-radius:0px; '><p><div  class='avia-image-container  av-styling-no-styling    avia-builder-el-14  el_before_av_textblock  avia-builder-el-first  avia-align-center'  itemprop=\"image\" itemscope=\"itemscope\" itemtype=\"https:\/\/schema.org\/ImageObject\"  ><div class='avia-image-container-inner'><div class='avia-image-overlay-wrap'><a href='https:\/\/www.augmentir.com\/es\/news\/augmentir-named-to-the-2022-cb-insights-advanced-manufacturing-50-list' class='avia_image'  ><img class='avia_image' src='https:\/\/www.augmentir.com\/wp-content\/uploads\/2023\/08\/award-cb.png' alt='' title=''  itemprop=\"thumbnailUrl\"  \/><\/a><\/div><\/div><\/div><br \/>\n<section class=\"av_textblock_section\"  itemscope=\"itemscope\" itemtype=\"https:\/\/schema.org\/CreativeWork\" ><div class='avia_textblock'   itemprop=\"text\" ><p style=\"text-align: center;\"><strong>Cuadrante de perspectivas de CB 2023<\/strong><\/p>\n<p style=\"text-align: center;\">Software para la fuerza laboral de fabricaci\u00f3n<\/p>\n<\/div><\/section><\/p><\/div><div class=\"flex_column av_one_fourth  flex_column_div   avia-builder-el-16  el_after_av_one_fourth  avia-builder-el-last  award-column\" style='margin-top:30px; margin-bottom:30px; padding:10px; border-radius:0px; '><p><div  class='avia-image-container  av-styling-no-styling    avia-builder-el-17  el_before_av_textblock  avia-builder-el-first  avia-align-center'  itemprop=\"image\" itemscope=\"itemscope\" itemtype=\"https:\/\/schema.org\/ImageObject\"  ><div class='avia-image-container-inner'><div class='avia-image-overlay-wrap'><a href='https:\/\/www.augmentir.com\/es\/news\/augmentir-named-a-2022-gartner-cool-vendor-in-manufacturing-operations' class='avia_image'  ><img class='avia_image' src='https:\/\/www.augmentir.com\/wp-content\/uploads\/2023\/08\/award-g.png' alt='' title=''  itemprop=\"thumbnailUrl\"  \/><\/a><\/div><\/div><\/div><br \/>\n<section class=\"av_textblock_section\"  itemscope=\"itemscope\" itemtype=\"https:\/\/schema.org\/CreativeWork\" ><div class='avia_textblock'   itemprop=\"text\" ><p style=\"text-align: center;\"><strong>Proveedor genial de Gartner\u2122 2022<\/strong><\/p>\n<p style=\"text-align: center;\">Operaciones de fabricaci\u00f3n<\/p>\n<\/div><\/section><\/p><\/div><\/div><\/div><\/div><!-- close content main div --><\/div><\/div><div id='ih-center-align-columns'  class='avia-section main_color avia-section-no-padding avia-no-border-styling avia-bg-style-scroll  avia-builder-el-19  el_after_av_section  el_before_av_section   container_wrap sidebar_right' style='background-color: #e1e7ea;  '  ><div class='container' ><div class='template-page content  av-content-small alpha units'><div class='post-entry post-entry-type-page post-entry-14275'><div class='entry-content-wrapper clearfix'>\n<div class=\"flex_column av_one_fourth  flex_column_div first  avia-builder-el-20  el_before_av_one_fourth  avia-builder-el-first  award-column\" style='margin-top:30px; margin-bottom:30px; padding:10px; border-radius:0px; '><p><div  class='avia-image-container  av-styling-no-styling    avia-builder-el-21  el_before_av_textblock  avia-builder-el-first  avia-align-center'  itemprop=\"image\" itemscope=\"itemscope\" itemtype=\"https:\/\/schema.org\/ImageObject\"  ><div class='avia-image-container-inner'><div class='avia-image-overlay-wrap'><a href='https:\/\/www.augmentir.com\/es\/news\/augmentir-named-2023-connected-worker-company-of-the-year-by-frost-sullivan' class='avia_image'  ><img class='avia_image' src='https:\/\/www.augmentir.com\/wp-content\/uploads\/2024\/11\/award-fs-company-2024.png' alt='' title=''  itemprop=\"thumbnailUrl\"  \/><\/a><\/div><\/div><\/div><br \/>\n<section class=\"av_textblock_section\"  itemscope=\"itemscope\" itemtype=\"https:\/\/schema.org\/CreativeWork\" ><div class='avia_textblock'   itemprop=\"text\" ><p style=\"text-align: center;\"><strong>Frost &amp; Sullivan 2024<\/strong><\/p>\n<p style=\"text-align: center;\">Trabajador conectado<\/p>\n<p style=\"text-align: center;\">Empresa del a\u00f1o<\/p>\n<\/div><\/section><\/p><\/div><div class=\"flex_column av_one_fourth  flex_column_div   avia-builder-el-23  el_after_av_one_fourth  el_before_av_one_fourth  award-column\" style='margin-top:30px; margin-bottom:30px; padding:10px; border-radius:0px; '><p><div  class='avia-image-container  av-styling-no-styling    avia-builder-el-24  el_before_av_textblock  avia-builder-el-first  avia-align-center'  itemprop=\"image\" itemscope=\"itemscope\" itemtype=\"https:\/\/schema.org\/ImageObject\"  ><div class='avia-image-container-inner'><div class='avia-image-overlay-wrap'><a href='https:\/\/www.augmentir.com\/es\/news\/augmentir-named-2023-connected-worker-company-of-the-year-by-frost-sullivan' class='avia_image'  ><img class='avia_image' src='https:\/\/www.augmentir.com\/wp-content\/uploads\/2024\/11\/award-fs-company-2023.png' alt='' title=''  itemprop=\"thumbnailUrl\"  \/><\/a><\/div><\/div><\/div><br \/>\n<section class=\"av_textblock_section\"  itemscope=\"itemscope\" itemtype=\"https:\/\/schema.org\/CreativeWork\" ><div class='avia_textblock'   itemprop=\"text\" ><p style=\"text-align: center;\"><strong>Frost &amp; Sullivan 2023<\/strong><\/p>\n<p style=\"text-align: center;\">Trabajador conectado<\/p>\n<p style=\"text-align: center;\">Empresa del a\u00f1o<\/p>\n<\/div><\/section><\/p><\/div><div class=\"flex_column av_one_fourth  flex_column_div   avia-builder-el-26  el_after_av_one_fourth  avia-builder-el-last  award-column\" style='margin-top:30px; margin-bottom:30px; padding:10px; border-radius:0px; '><p><div  class='avia-image-container  av-styling-no-styling    avia-builder-el-27  el_before_av_textblock  avia-builder-el-first  avia-align-center'  itemprop=\"image\" itemscope=\"itemscope\" itemtype=\"https:\/\/schema.org\/ImageObject\"  ><div class='avia-image-container-inner'><div class='avia-image-overlay-wrap'><a href='https:\/\/www.augmentir.com\/es\/news\/augmentir-named-2023-connected-worker-company-of-the-year-by-frost-sullivan' class='avia_image'  ><img class='avia_image' src='https:\/\/www.augmentir.com\/wp-content\/uploads\/2024\/11\/award-fs-company-2022.png' alt='' title=''  itemprop=\"thumbnailUrl\"  \/><\/a><\/div><\/div><\/div><br \/>\n<section class=\"av_textblock_section\"  itemscope=\"itemscope\" itemtype=\"https:\/\/schema.org\/CreativeWork\" ><div class='avia_textblock'   itemprop=\"text\" ><p style=\"text-align: center;\"><strong>Frost &amp; Sullivan 2022<\/strong><\/p>\n<p style=\"text-align: center;\">Trabajador conectado<\/p>\n<p style=\"text-align: center;\">Liderazgo en valor para el cliente<\/p>\n<\/div><\/section><\/p><\/div>\n<\/p>\n<\/div><\/div><\/div><!-- close content main div --><\/div><\/div><div id='ih-center-align-columns'  class='avia-section main_color avia-section-no-padding avia-no-border-styling avia-bg-style-scroll  avia-builder-el-29  el_after_av_section  el_before_av_section   container_wrap sidebar_right' style='background-color: #e1e7ea;  '  ><div class='container' ><div class='template-page content  av-content-small alpha units'><div class='post-entry post-entry-type-page post-entry-14275'><div class='entry-content-wrapper clearfix'>\n<div class=\"flex_column av_one_fourth  flex_column_div first  avia-builder-el-30  el_before_av_one_fourth  avia-builder-el-first  award-column\" style='margin-top:30px; margin-bottom:30px; padding:10px; border-radius:0px; '><p><div  class='avia-image-container  av-styling-no-styling    avia-builder-el-31  el_before_av_textblock  avia-builder-el-first  avia-align-center'  itemprop=\"image\" itemscope=\"itemscope\" itemtype=\"https:\/\/schema.org\/ImageObject\"  ><div class='avia-image-container-inner'><div class='avia-image-overlay-wrap'><img class='avia_image' src='https:\/\/www.augmentir.com\/wp-content\/uploads\/2024\/11\/award-learning-2024.png' alt='' title='' height=\"708\" width=\"604\"  itemprop=\"thumbnailUrl\"  \/><\/div><\/div><\/div><br \/>\n<section class=\"av_textblock_section\"  itemscope=\"itemscope\" itemtype=\"https:\/\/schema.org\/CreativeWork\" ><div class='avia_textblock'   itemprop=\"text\" ><p style=\"text-align: center;\"><strong>Premios de aprendizaje 2024<\/strong><\/p>\n<p style=\"text-align: center;\">Mejor uso de la IA<\/p>\n<p style=\"text-align: center;\">en aprendizaje<\/p>\n<\/div><\/section><\/p><\/div><div class=\"flex_column av_one_fourth  flex_column_div   avia-builder-el-33  el_after_av_one_fourth  el_before_av_one_fourth  award-column\" style='margin-top:30px; margin-bottom:30px; padding:10px; border-radius:0px; '><p><div  class='avia-image-container  av-styling-no-styling    avia-builder-el-34  el_before_av_textblock  avia-builder-el-first  avia-align-center'  itemprop=\"image\" itemscope=\"itemscope\" itemtype=\"https:\/\/schema.org\/ImageObject\"  ><div class='avia-image-container-inner'><div class='avia-image-overlay-wrap'><img class='avia_image' src='https:\/\/www.augmentir.com\/wp-content\/uploads\/2025\/01\/award-bhg-2024.png' alt='premio-bhg-2024' title='' height=\"708\" width=\"604\"  itemprop=\"thumbnailUrl\"  \/><\/div><\/div><\/div><br \/>\n<section class=\"av_textblock_section\"  itemscope=\"itemscope\" itemtype=\"https:\/\/schema.org\/CreativeWork\" ><div class='avia_textblock'   itemprop=\"text\" ><p style=\"text-align: center;\"><strong>Grupo Brandon Hall 2024<\/strong><\/p>\n<p style=\"text-align: center;\">Mejor uso de<\/p>\n<p style=\"text-align: center;\">IA generativa<\/p>\n<\/div><\/section><\/p><\/div><div class=\"flex_column av_one_fourth  flex_column_div   avia-builder-el-36  el_after_av_one_fourth  el_before_av_hr  award-column\" style='margin-top:30px; margin-bottom:30px; padding:10px; border-radius:0px; '><p><div  class='avia-image-container  av-styling-no-styling    avia-builder-el-37  el_before_av_textblock  avia-builder-el-first  avia-align-center'  itemprop=\"image\" itemscope=\"itemscope\" itemtype=\"https:\/\/schema.org\/ImageObject\"  ><div class='avia-image-container-inner'><div class='avia-image-overlay-wrap'><img class='avia_image' src='https:\/\/www.augmentir.com\/wp-content\/uploads\/2024\/11\/award-bhg-2023.png' alt='' title='' height=\"708\" width=\"604\"  itemprop=\"thumbnailUrl\"  \/><\/div><\/div><\/div><br \/>\n<section class=\"av_textblock_section\"  itemscope=\"itemscope\" itemtype=\"https:\/\/schema.org\/CreativeWork\" ><div class='avia_textblock'   itemprop=\"text\" ><p style=\"text-align: center;\"><strong>Grupo Brandon Hall 2023<\/strong><\/p>\n<p style=\"text-align: center;\">Oro<\/p>\n<p style=\"text-align: center;\">Aprendizaje y desarrollo<\/p>\n<\/div><\/section><\/p><\/div><div  style='height:50px' class='hr hr-invisible   avia-builder-el-39  el_after_av_one_fourth  avia-builder-el-last'><span class='hr-inner' ><span class='hr-inner-style'><\/span><\/span><\/div>\n\n<\/div><\/div><\/div><!-- close content main div --><\/div><\/div><div id='av_section_5'  class='avia-section main_color avia-section-default avia-no-border-styling avia-bg-style-scroll  avia-builder-el-40  el_after_av_section  el_before_av_section   container_wrap sidebar_right' style='background-color: #ffffff;  margin-top:0px; margin-bottom:30px; '  ><div class='container' ><div class='template-page content  av-content-small alpha units'><div class='post-entry post-entry-type-page post-entry-14275'><div class='entry-content-wrapper clearfix'>\n<div  style='padding-bottom:10px; ' class='av-special-heading av-special-heading-h2  blockquote modern-quote modern-centered  avia-builder-el-41  el_before_av_hr  avia-builder-el-first'><h2 class='av-special-heading-tag'  itemprop=\"headline\"  >Augmentir es el l\u00edder indiscutible en software para trabajadores conectados en la industria<\/h2><div class='special-heading-border'><div class='special-heading-inner-border' ><\/div><\/div><\/div>\n<div  style='height:50px' class='hr hr-invisible   avia-builder-el-42  el_after_av_heading  el_before_av_blog'><span class='hr-inner' ><span class='hr-inner-style'><\/span><\/span><\/div>\n<div   data-autoplay=''  data-interval='5'  data-animation='fade'  data-show_slide_delay='90'  class='avia-content-slider avia-content-grid-active avia-content-slider1 avia-content-slider-odd  avia-builder-el-43  el_after_av_hr  avia-builder-el-last'  itemscope=\"itemscope\" itemtype=\"https:\/\/schema.org\/Blog\" ><div class='avia-content-slider-inner'><div class='slide-entry-wrap'><article class='slide-entry flex_column  post-entry post-entry-14346 slide-entry-overview slide-loop-1 slide-parity-odd  av_one_third first real-thumbnail'  itemscope=\"itemscope\" itemtype=\"https:\/\/schema.org\/BlogPosting\" itemprop=\"blogPost\" ><a href='https:\/\/www.augmentir.com\/es\/blog\/augmentir-wins-gold-at-2024-brandon-hall-group-excellence-in-technology-awards' data-rel='slide-1' class='slide-image' title=''><img decoding=\"async\" width=\"2400\" height=\"1260\" src=\"https:\/\/www.augmentir.com\/wp-content\/uploads\/2024\/12\/brandon-hall-group-gold-award-augmentir-future-of-work-generative-ai.webp\" class=\"attachment-portfolio size-portfolio wp-post-image\" alt=\"Augmentir gana el oro en los premios Brandon Hall Group Awards 2024 por el impacto empresarial de la IA generativa.\" srcset=\"https:\/\/www.augmentir.com\/wp-content\/uploads\/2024\/12\/brandon-hall-group-gold-award-augmentir-future-of-work-generative-ai.webp 2400w, https:\/\/www.augmentir.com\/wp-content\/uploads\/2024\/12\/brandon-hall-group-gold-award-augmentir-future-of-work-generative-ai-300x158.webp 300w, https:\/\/www.augmentir.com\/wp-content\/uploads\/2024\/12\/brandon-hall-group-gold-award-augmentir-future-of-work-generative-ai-1200x630.webp 1200w, https:\/\/www.augmentir.com\/wp-content\/uploads\/2024\/12\/brandon-hall-group-gold-award-augmentir-future-of-work-generative-ai-768x403.webp 768w, https:\/\/www.augmentir.com\/wp-content\/uploads\/2024\/12\/brandon-hall-group-gold-award-augmentir-future-of-work-generative-ai-1536x806.webp 1536w, https:\/\/www.augmentir.com\/wp-content\/uploads\/2024\/12\/brandon-hall-group-gold-award-augmentir-future-of-work-generative-ai-2048x1075.webp 2048w, https:\/\/www.augmentir.com\/wp-content\/uploads\/2024\/12\/brandon-hall-group-gold-award-augmentir-future-of-work-generative-ai-18x9.webp 18w, https:\/\/www.augmentir.com\/wp-content\/uploads\/2024\/12\/brandon-hall-group-gold-award-augmentir-future-of-work-generative-ai-1500x788.webp 1500w, https:\/\/www.augmentir.com\/wp-content\/uploads\/2024\/12\/brandon-hall-group-gold-award-augmentir-future-of-work-generative-ai-705x370.webp 705w\" sizes=\"(max-width: 2400px) 100vw, 2400px\" \/><\/a><div class='slide-content'><header class=\"entry-content-header\"><h3 class='slide-entry-title entry-title'  itemprop=\"headline\" ><a href='https:\/\/www.augmentir.com\/es\/blog\/augmentir-wins-gold-at-2024-brandon-hall-group-excellence-in-technology-awards' title='Augmentir gana el oro en los premios Brandon Hall Group Excellence in Technology Awards 2024'>Augmentir gana el oro en los premios Brandon Hall Group Excellence in Technology Awards 2024<\/a><\/h3><time class='slide-meta-time updated'  itemprop=\"headline\" >10 de diciembre de 2024<\/time><span class='blog-author minor-meta'>&nbsp;<span class='text-sep text-sep-cat'>\/<\/span>&nbsp;por Chris Kuntz<\/span><span class=\"blog-categories minor-meta\"><a href=\"https:\/\/www.augmentir.com\/es\/category\/blog\" rel=\"tag\">Blog<\/a>, <a href=\"https:\/\/www.augmentir.com\/es\/category\/news\" rel=\"tag\">Noticias<\/a> <\/span><span class=\"av-vertical-delimiter\"><\/span><\/header><div class='slide-entry-excerpt entry-content'  itemprop=\"text\" >Augmentir, reconocido por Brandon Hall Group como el &quot;Mejor avance en IA generativa para el impacto empresarial&quot;, gana el oro en los Premios a la Excelencia Tecnol\u00f3gica 2024.<div class=\"read-more-link\"><a href=\"https:\/\/www.augmentir.com\/es\/blog\/augmentir-wins-gold-at-2024-brandon-hall-group-excellence-in-technology-awards\" class=\"more-link\">Leer m\u00e1s<span class=\"more-link-arrow\"><\/span><\/a><\/div><\/div><\/div><footer class=\"entry-footer\"><div class='slide-meta'><time class='slide-meta-time updated'  itemprop=\"datePublished\" datetime=\"2024-12-10T15:02:32+00:00\" >&nbsp;<\/time><\/div><\/footer><span class='hidden'>\n\t\t\t<span class='av-structured-data'  itemprop=\"image\" itemscope=\"itemscope\" itemtype=\"https:\/\/schema.org\/ImageObject\">\n\t\t\t\t\t   <span itemprop='url' >https:\/\/www.augmentir.com\/wp-content\/uploads\/2024\/12\/brandon-hall-group-gold-award-augmentir-future-of-work-generative-ai.webp<\/span>\n\t\t\t\t\t   <span itemprop='height' >1260<\/span>\n\t\t\t\t\t   <span itemprop='width' >2400<\/span>\n\t\t\t\t  <\/span><span class='av-structured-data'  itemprop=\"publisher\" itemtype=\"https:\/\/schema.org\/Organization\" itemscope=\"itemscope\" >\n\t\t\t\t<span itemprop='name'>Chris Kuntz<\/span>\n\t\t\t\t<span itemprop='logo' itemscope itemtype='https:\/\/schema.org\/ImageObject'>\n\t\t\t\t   <span itemprop='url'>https:\/\/www.augmentir.com\/wp-content\/uploads\/2021\/09\/Augmentir_Logo_Sm-300x169.png<\/span>\n\t\t\t\t <\/span>\n\t\t\t  <\/span><span class='av-structured-data'  itemprop=\"author\" itemscope=\"itemscope\" itemtype=\"https:\/\/schema.org\/Person\" ><span itemprop='name'>Chris Kuntz<\/span><\/span><span class='av-structured-data'  itemprop=\"datePublished\" datetime=\"2022-07-27T14:53:35+00:00\" >2024-12-10 15:02:32<\/span><span class='av-structured-data'  itemprop=\"dateModified\" itemtype=\"https:\/\/schema.org\/dateModified\" >2025-08-07 15:29:18<\/span><span class='av-structured-data'  itemprop=\"mainEntityOfPage\" itemtype=\"https:\/\/schema.org\/mainEntityOfPage\" ><span itemprop='name'>Augmentir gana el oro en los premios Brandon Hall Group Excellence in Technology Awards 2024<\/span><\/span><\/span><\/article><article class='slide-entry flex_column  post-entry post-entry-14327 slide-entry-overview slide-loop-2 slide-parity-even  av_one_third  real-thumbnail'  itemscope=\"itemscope\" itemtype=\"https:\/\/schema.org\/BlogPosting\" itemprop=\"blogPost\" ><a href='https:\/\/www.augmentir.com\/es\/news\/augmentir-named-2024-connected-worker-company-of-the-year-by-frost-sullivan' data-rel='slide-1' class='slide-image' title=''><img decoding=\"async\" width=\"1200\" height=\"630\" src=\"https:\/\/www.augmentir.com\/wp-content\/uploads\/2024\/11\/frost-sullivan-2024-company-of-year-augmentir.webp\" class=\"attachment-portfolio size-portfolio wp-post-image\" alt=\"Frost Sullivan 2024 Trabajador conectado Empresa del a\u00f1o Augmentir\" srcset=\"https:\/\/www.augmentir.com\/wp-content\/uploads\/2024\/11\/frost-sullivan-2024-company-of-year-augmentir.webp 1200w, https:\/\/www.augmentir.com\/wp-content\/uploads\/2024\/11\/frost-sullivan-2024-company-of-year-augmentir-300x158.webp 300w, https:\/\/www.augmentir.com\/wp-content\/uploads\/2024\/11\/frost-sullivan-2024-company-of-year-augmentir-768x403.webp 768w, https:\/\/www.augmentir.com\/wp-content\/uploads\/2024\/11\/frost-sullivan-2024-company-of-year-augmentir-18x9.webp 18w, https:\/\/www.augmentir.com\/wp-content\/uploads\/2024\/11\/frost-sullivan-2024-company-of-year-augmentir-705x370.webp 705w\" sizes=\"(max-width: 1200px) 100vw, 1200px\" \/><\/a><div class='slide-content'><header class=\"entry-content-header\"><h3 class='slide-entry-title entry-title'  itemprop=\"headline\" ><a href='https:\/\/www.augmentir.com\/es\/news\/augmentir-named-2024-connected-worker-company-of-the-year-by-frost-sullivan' title='Augmentir nombrada Empresa Trabajadora Conectada del A\u00f1o 2024 por Frost &amp; Sullivan'>Augmentir nombrada Empresa Trabajadora Conectada del A\u00f1o 2024 por Frost &amp; Sullivan<\/a><\/h3><time class='slide-meta-time updated'  itemprop=\"headline\" >21 de noviembre de 2024<\/time><span class='blog-author minor-meta'>&nbsp;<span class='text-sep text-sep-cat'>\/<\/span>&nbsp;por Chris Kuntz<\/span><span class=\"blog-categories minor-meta\"><a href=\"https:\/\/www.augmentir.com\/es\/category\/news\" rel=\"tag\">Noticias<\/a> <\/span><span class=\"av-vertical-delimiter\"><\/span><\/header><div class='slide-entry-excerpt entry-content'  itemprop=\"text\" >El desempe\u00f1o excepcional y las contribuciones de Augmentir en el espacio global de soluciones Augmented Connected Worker resaltan su dedicaci\u00f3n a las innovaciones sostenidas y a un mayor valor para el cliente.<div class=\"read-more-link\"><a href=\"https:\/\/www.augmentir.com\/es\/news\/augmentir-named-2024-connected-worker-company-of-the-year-by-frost-sullivan\" class=\"more-link\">Leer m\u00e1s<span class=\"more-link-arrow\"><\/span><\/a><\/div><\/div><\/div><footer class=\"entry-footer\"><div class='slide-meta'><time class='slide-meta-time updated'  itemprop=\"datePublished\" datetime=\"2024-11-21T15:35:26+00:00\" >&nbsp;<\/time><\/div><\/footer><span class='hidden'>\n\t\t\t<span class='av-structured-data'  itemprop=\"image\" itemscope=\"itemscope\" itemtype=\"https:\/\/schema.org\/ImageObject\">\n\t\t\t\t\t   <span itemprop='url' >https:\/\/www.augmentir.com\/wp-content\/uploads\/2024\/11\/frost-sullivan-2024-company-of-year-augmentir.webp<\/span>\n\t\t\t\t\t   <span itemprop='height' >630<\/span>\n\t\t\t\t\t   <span itemprop='width' >1200<\/span>\n\t\t\t\t  <\/span><span class='av-structured-data'  itemprop=\"publisher\" itemtype=\"https:\/\/schema.org\/Organization\" itemscope=\"itemscope\" >\n\t\t\t\t<span itemprop='name'>Chris Kuntz<\/span>\n\t\t\t\t<span itemprop='logo' itemscope itemtype='https:\/\/schema.org\/ImageObject'>\n\t\t\t\t   <span itemprop='url'>https:\/\/www.augmentir.com\/wp-content\/uploads\/2021\/09\/Augmentir_Logo_Sm-300x169.png<\/span>\n\t\t\t\t <\/span>\n\t\t\t  <\/span><span class='av-structured-data'  itemprop=\"author\" itemscope=\"itemscope\" itemtype=\"https:\/\/schema.org\/Person\" ><span itemprop='name'>Chris Kuntz<\/span><\/span><span class='av-structured-data'  itemprop=\"datePublished\" datetime=\"2022-07-27T14:53:35+00:00\" >2024-11-21 15:35:26<\/span><span class='av-structured-data'  itemprop=\"dateModified\" itemtype=\"https:\/\/schema.org\/dateModified\" >2024-11-21 16:03:47<\/span><span class='av-structured-data'  itemprop=\"mainEntityOfPage\" itemtype=\"https:\/\/schema.org\/mainEntityOfPage\" ><span itemprop='name'>Augmentir nombrada Empresa Trabajadora Conectada del A\u00f1o 2024 por Frost &amp; Sullivan<\/span><\/span><\/span><\/article><article class='slide-entry flex_column  post-entry post-entry-14226 slide-entry-overview slide-loop-3 slide-parity-odd  av_one_third  real-thumbnail'  itemscope=\"itemscope\" itemtype=\"https:\/\/schema.org\/BlogPosting\" itemprop=\"blogPost\" ><a href='https:\/\/www.augmentir.com\/es\/blog\/frost-sullivan-names-augmentir-leader-on-the-frost-radar-connected-worker-platforms-2024' data-rel='slide-1' class='slide-image' title=''><img decoding=\"async\" width=\"2400\" height=\"1260\" src=\"https:\/\/www.augmentir.com\/wp-content\/uploads\/2024\/10\/frost-radar-names-augmentir-the-leader-in-augmented-connected-worker.webp\" class=\"attachment-portfolio size-portfolio wp-post-image\" alt=\"Augmentir nombrado l\u00edder en radar de escarcha para plataformas de trabajadores conectados aumentados 2024\" srcset=\"https:\/\/www.augmentir.com\/wp-content\/uploads\/2024\/10\/frost-radar-names-augmentir-the-leader-in-augmented-connected-worker.webp 2400w, https:\/\/www.augmentir.com\/wp-content\/uploads\/2024\/10\/frost-radar-names-augmentir-the-leader-in-augmented-connected-worker-300x158.webp 300w, https:\/\/www.augmentir.com\/wp-content\/uploads\/2024\/10\/frost-radar-names-augmentir-the-leader-in-augmented-connected-worker-1200x630.webp 1200w, https:\/\/www.augmentir.com\/wp-content\/uploads\/2024\/10\/frost-radar-names-augmentir-the-leader-in-augmented-connected-worker-768x403.webp 768w, https:\/\/www.augmentir.com\/wp-content\/uploads\/2024\/10\/frost-radar-names-augmentir-the-leader-in-augmented-connected-worker-1536x806.webp 1536w, https:\/\/www.augmentir.com\/wp-content\/uploads\/2024\/10\/frost-radar-names-augmentir-the-leader-in-augmented-connected-worker-2048x1075.webp 2048w, https:\/\/www.augmentir.com\/wp-content\/uploads\/2024\/10\/frost-radar-names-augmentir-the-leader-in-augmented-connected-worker-18x9.webp 18w, https:\/\/www.augmentir.com\/wp-content\/uploads\/2024\/10\/frost-radar-names-augmentir-the-leader-in-augmented-connected-worker-1500x788.webp 1500w, https:\/\/www.augmentir.com\/wp-content\/uploads\/2024\/10\/frost-radar-names-augmentir-the-leader-in-augmented-connected-worker-705x370.webp 705w\" sizes=\"(max-width: 2400px) 100vw, 2400px\" \/><\/a><div class='slide-content'><header class=\"entry-content-header\"><h3 class='slide-entry-title entry-title'  itemprop=\"headline\" ><a href='https:\/\/www.augmentir.com\/es\/blog\/frost-sullivan-names-augmentir-leader-on-the-frost-radar-connected-worker-platforms-2024' title='Frost &amp; Sullivan nombra a Augmentir l\u00edder en el Frost Radar\u2122: Plataformas de trabajo aumentadas y conectadas, 2024'>Frost &amp; Sullivan nombra a Augmentir l\u00edder en el Frost Radar\u2122: Plataformas de trabajo aumentadas y conectadas, 2024<\/a><\/h3><time class='slide-meta-time updated'  itemprop=\"headline\" >3 de octubre de 2024<\/time><span class='blog-author minor-meta'>&nbsp;<span class='text-sep text-sep-cat'>\/<\/span>&nbsp;por Chris Kuntz<\/span><span class=\"blog-categories minor-meta\"><a href=\"https:\/\/www.augmentir.com\/es\/category\/blog\" rel=\"tag\">Blog<\/a>, <a href=\"https:\/\/www.augmentir.com\/es\/category\/news\" rel=\"tag\">Noticias<\/a> <\/span><span class=\"av-vertical-delimiter\"><\/span><\/header><div class='slide-entry-excerpt entry-content'  itemprop=\"text\" >El \u00faltimo informe Radar de Frost &amp; Sullivan reconoce a Augmentir como la plataforma l\u00edder para trabajadores conectados aumentados.<div class=\"read-more-link\"><a href=\"https:\/\/www.augmentir.com\/es\/blog\/frost-sullivan-names-augmentir-leader-on-the-frost-radar-connected-worker-platforms-2024\" class=\"more-link\">Leer m\u00e1s<span class=\"more-link-arrow\"><\/span><\/a><\/div><\/div><\/div><footer class=\"entry-footer\"><div class='slide-meta'><time class='slide-meta-time updated'  itemprop=\"datePublished\" datetime=\"2024-10-03T13:22:11+00:00\" >&nbsp;<\/time><\/div><\/footer><span class='hidden'>\n\t\t\t<span class='av-structured-data'  itemprop=\"image\" itemscope=\"itemscope\" itemtype=\"https:\/\/schema.org\/ImageObject\">\n\t\t\t\t\t   <span itemprop='url' >https:\/\/www.augmentir.com\/wp-content\/uploads\/2024\/10\/frost-radar-names-augmentir-the-leader-in-augmented-connected-worker.webp<\/span>\n\t\t\t\t\t   <span itemprop='height' >1260<\/span>\n\t\t\t\t\t   <span itemprop='width' >2400<\/span>\n\t\t\t\t  <\/span><span class='av-structured-data'  itemprop=\"publisher\" itemtype=\"https:\/\/schema.org\/Organization\" itemscope=\"itemscope\" >\n\t\t\t\t<span itemprop='name'>Chris Kuntz<\/span>\n\t\t\t\t<span itemprop='logo' itemscope itemtype='https:\/\/schema.org\/ImageObject'>\n\t\t\t\t   <span itemprop='url'>https:\/\/www.augmentir.com\/wp-content\/uploads\/2021\/09\/Augmentir_Logo_Sm-300x169.png<\/span>\n\t\t\t\t <\/span>\n\t\t\t  <\/span><span class='av-structured-data'  itemprop=\"author\" itemscope=\"itemscope\" itemtype=\"https:\/\/schema.org\/Person\" ><span itemprop='name'>Chris Kuntz<\/span><\/span><span class='av-structured-data'  itemprop=\"datePublished\" datetime=\"2022-07-27T14:53:35+00:00\" >2024-10-03 13:22:11<\/span><span class='av-structured-data'  itemprop=\"dateModified\" itemtype=\"https:\/\/schema.org\/dateModified\" >2024-11-01 10:17:57<\/span><span class='av-structured-data'  itemprop=\"mainEntityOfPage\" itemtype=\"https:\/\/schema.org\/mainEntityOfPage\" ><span itemprop='name'>Frost &amp; Sullivan nombra a Augmentir l\u00edder en el Frost Radar\u2122: Plataformas de trabajo aumentadas y conectadas, 2024<\/span><\/span><\/span><\/article><\/div><div class='slide-entry-wrap'><article class='slide-entry flex_column  post-entry post-entry-13578 slide-entry-overview slide-loop-4 slide-parity-odd  av_one_third first real-thumbnail'  itemscope=\"itemscope\" itemtype=\"https:\/\/schema.org\/BlogPosting\" itemprop=\"blogPost\" ><a href='https:\/\/www.augmentir.com\/es\/news\/lns-research-names-augmentir-front-runner-in-their-connected-frontline-workforce-applications-solution-selection-matrix' data-rel='slide-1' class='slide-image' title=''><img decoding=\"async\" width=\"1200\" height=\"630\" src=\"https:\/\/www.augmentir.com\/wp-content\/uploads\/2023\/08\/lns-research-cw-ssm.png\" class=\"attachment-portfolio size-portfolio wp-post-image\" alt=\"Matriz de selecci\u00f3n de soluciones para trabajadores conectados de LNS Research\" srcset=\"https:\/\/www.augmentir.com\/wp-content\/uploads\/2023\/08\/lns-research-cw-ssm.png 1200w, https:\/\/www.augmentir.com\/wp-content\/uploads\/2023\/08\/lns-research-cw-ssm-300x158.png 300w, https:\/\/www.augmentir.com\/wp-content\/uploads\/2023\/08\/lns-research-cw-ssm-768x403.png 768w, https:\/\/www.augmentir.com\/wp-content\/uploads\/2023\/08\/lns-research-cw-ssm-18x9.png 18w, https:\/\/www.augmentir.com\/wp-content\/uploads\/2023\/08\/lns-research-cw-ssm-705x370.png 705w\" sizes=\"(max-width: 1200px) 100vw, 1200px\" \/><\/a><div class='slide-content'><header class=\"entry-content-header\"><h3 class='slide-entry-title entry-title'  itemprop=\"headline\" ><a href='https:\/\/www.augmentir.com\/es\/news\/lns-research-names-augmentir-front-runner-in-their-connected-frontline-workforce-applications-solution-selection-matrix' title='LNS Research nombra a Augmentir como l\u00edder en su Matriz de selecci\u00f3n de soluciones de aplicaciones para la fuerza laboral de primera l\u00ednea conectada'>LNS Research nombra a Augmentir como l\u00edder en su Matriz de selecci\u00f3n de soluciones de aplicaciones para la fuerza laboral de primera l\u00ednea conectada<\/a><\/h3><time class='slide-meta-time updated'  itemprop=\"headline\" >22 de agosto de 2023<\/time><span class='blog-author minor-meta'>&nbsp;<span class='text-sep text-sep-cat'>\/<\/span>&nbsp;por Chris Kuntz<\/span><span class=\"blog-categories minor-meta\"><a href=\"https:\/\/www.augmentir.com\/es\/category\/news\" rel=\"tag\">Noticias<\/a> <\/span><span class=\"av-vertical-delimiter\"><\/span><\/header><div class='slide-entry-excerpt entry-content'  itemprop=\"text\" >La soluci\u00f3n de trabajador conectado impulsada por IA de Augmentir se destaca como el producto m\u00e1s completo en un nuevo informe de LNS Research.<div class=\"read-more-link\"><a href=\"https:\/\/www.augmentir.com\/es\/news\/lns-research-names-augmentir-front-runner-in-their-connected-frontline-workforce-applications-solution-selection-matrix\" class=\"more-link\">Leer m\u00e1s<span class=\"more-link-arrow\"><\/span><\/a><\/div><\/div><\/div><footer class=\"entry-footer\"><div class='slide-meta'><time class='slide-meta-time updated'  itemprop=\"datePublished\" datetime=\"2023-08-22T14:06:25+00:00\" >&nbsp;<\/time><\/div><\/footer><span class='hidden'>\n\t\t\t<span class='av-structured-data'  itemprop=\"image\" itemscope=\"itemscope\" itemtype=\"https:\/\/schema.org\/ImageObject\">\n\t\t\t\t\t   <span itemprop='url' >https:\/\/www.augmentir.com\/wp-content\/uploads\/2023\/08\/lns-research-cw-ssm.png<\/span>\n\t\t\t\t\t   <span itemprop='height' >630<\/span>\n\t\t\t\t\t   <span itemprop='width' >1200<\/span>\n\t\t\t\t  <\/span><span class='av-structured-data'  itemprop=\"publisher\" itemtype=\"https:\/\/schema.org\/Organization\" itemscope=\"itemscope\" >\n\t\t\t\t<span itemprop='name'>Chris Kuntz<\/span>\n\t\t\t\t<span itemprop='logo' itemscope itemtype='https:\/\/schema.org\/ImageObject'>\n\t\t\t\t   <span itemprop='url'>https:\/\/www.augmentir.com\/wp-content\/uploads\/2021\/09\/Augmentir_Logo_Sm-300x169.png<\/span>\n\t\t\t\t <\/span>\n\t\t\t  <\/span><span class='av-structured-data'  itemprop=\"author\" itemscope=\"itemscope\" itemtype=\"https:\/\/schema.org\/Person\" ><span itemprop='name'>Chris Kuntz<\/span><\/span><span class='av-structured-data'  itemprop=\"datePublished\" datetime=\"2022-07-27T14:53:35+00:00\" >2023-08-22 14:06:25<\/span><span class='av-structured-data'  itemprop=\"dateModified\" itemtype=\"https:\/\/schema.org\/dateModified\" >2024-11-01 10:19:53<\/span><span class='av-structured-data'  itemprop=\"mainEntityOfPage\" itemtype=\"https:\/\/schema.org\/mainEntityOfPage\" ><span itemprop='name'>LNS Research nombra a Augmentir como l\u00edder en su Matriz de selecci\u00f3n de soluciones de aplicaciones para la fuerza laboral de primera l\u00ednea conectada<\/span><\/span><\/span><\/article><article class='slide-entry flex_column  post-entry post-entry-13418 slide-entry-overview slide-loop-5 slide-parity-even  av_one_third  real-thumbnail'  itemscope=\"itemscope\" itemtype=\"https:\/\/schema.org\/BlogPosting\" itemprop=\"blogPost\" ><a href='https:\/\/www.augmentir.com\/es\/news\/augmentir-named-2023-connected-worker-company-of-the-year-by-frost-sullivan' data-rel='slide-1' class='slide-image' title=''><img decoding=\"async\" width=\"1200\" height=\"630\" src=\"https:\/\/www.augmentir.com\/wp-content\/uploads\/2023\/04\/frost-sullivan-2023-company-of-year-augmentir.png\" class=\"attachment-portfolio size-portfolio wp-post-image\" alt=\"Augmentir nombrada empresa de trabajadores conectados del a\u00f1o por Frost &amp; Sullivan\" srcset=\"https:\/\/www.augmentir.com\/wp-content\/uploads\/2023\/04\/frost-sullivan-2023-company-of-year-augmentir.png 1200w, https:\/\/www.augmentir.com\/wp-content\/uploads\/2023\/04\/frost-sullivan-2023-company-of-year-augmentir-300x158.png 300w, https:\/\/www.augmentir.com\/wp-content\/uploads\/2023\/04\/frost-sullivan-2023-company-of-year-augmentir-768x403.png 768w, https:\/\/www.augmentir.com\/wp-content\/uploads\/2023\/04\/frost-sullivan-2023-company-of-year-augmentir-18x9.png 18w, https:\/\/www.augmentir.com\/wp-content\/uploads\/2023\/04\/frost-sullivan-2023-company-of-year-augmentir-705x370.png 705w\" sizes=\"(max-width: 1200px) 100vw, 1200px\" \/><\/a><div class='slide-content'><header class=\"entry-content-header\"><h3 class='slide-entry-title entry-title'  itemprop=\"headline\" ><a href='https:\/\/www.augmentir.com\/es\/news\/augmentir-named-2023-connected-worker-company-of-the-year-by-frost-sullivan' title='Augmentir nombrada Empresa Trabajadora Conectada del A\u00f1o 2023 por Frost &amp; Sullivan'>Augmentir nombrada Empresa Trabajadora Conectada del A\u00f1o 2023 por Frost &amp; Sullivan<\/a><\/h3><time class='slide-meta-time updated'  itemprop=\"headline\" >25 de abril de 2023<\/time><span class='blog-author minor-meta'>&nbsp;<span class='text-sep text-sep-cat'>\/<\/span>&nbsp;por Chris Kuntz<\/span><span class=\"blog-categories minor-meta\"><a href=\"https:\/\/www.augmentir.com\/es\/category\/news\" rel=\"tag\">Noticias<\/a> <\/span><span class=\"av-vertical-delimiter\"><\/span><\/header><div class='slide-entry-excerpt entry-content'  itemprop=\"text\" >El enorme crecimiento de Augmentir a trav\u00e9s de la satisfacci\u00f3n del cliente, el valor mejorado a trav\u00e9s de las asociaciones, el soporte al cliente inigualable, el enfoque en la innovaci\u00f3n y la lealtad a la marca impulsan su fuerte enfoque de liderazgo.<div class=\"read-more-link\"><a href=\"https:\/\/www.augmentir.com\/es\/news\/augmentir-named-2023-connected-worker-company-of-the-year-by-frost-sullivan\" class=\"more-link\">Leer m\u00e1s<span class=\"more-link-arrow\"><\/span><\/a><\/div><\/div><\/div><footer class=\"entry-footer\"><div class='slide-meta'><time class='slide-meta-time updated'  itemprop=\"datePublished\" datetime=\"2023-04-25T13:53:31+00:00\" >&nbsp;<\/time><\/div><\/footer><span class='hidden'>\n\t\t\t<span class='av-structured-data'  itemprop=\"image\" itemscope=\"itemscope\" itemtype=\"https:\/\/schema.org\/ImageObject\">\n\t\t\t\t\t   <span itemprop='url' >https:\/\/www.augmentir.com\/wp-content\/uploads\/2023\/04\/frost-sullivan-2023-company-of-year-augmentir.png<\/span>\n\t\t\t\t\t   <span itemprop='height' >630<\/span>\n\t\t\t\t\t   <span itemprop='width' >1200<\/span>\n\t\t\t\t  <\/span><span class='av-structured-data'  itemprop=\"publisher\" itemtype=\"https:\/\/schema.org\/Organization\" itemscope=\"itemscope\" >\n\t\t\t\t<span itemprop='name'>Chris Kuntz<\/span>\n\t\t\t\t<span itemprop='logo' itemscope itemtype='https:\/\/schema.org\/ImageObject'>\n\t\t\t\t   <span itemprop='url'>https:\/\/www.augmentir.com\/wp-content\/uploads\/2021\/09\/Augmentir_Logo_Sm-300x169.png<\/span>\n\t\t\t\t <\/span>\n\t\t\t  <\/span><span class='av-structured-data'  itemprop=\"author\" itemscope=\"itemscope\" itemtype=\"https:\/\/schema.org\/Person\" ><span itemprop='name'>Chris Kuntz<\/span><\/span><span class='av-structured-data'  itemprop=\"datePublished\" datetime=\"2022-07-27T14:53:35+00:00\" >2023-04-25 13:53:31<\/span><span class='av-structured-data'  itemprop=\"dateModified\" itemtype=\"https:\/\/schema.org\/dateModified\" >2024-11-01 10:19:39<\/span><span class='av-structured-data'  itemprop=\"mainEntityOfPage\" itemtype=\"https:\/\/schema.org\/mainEntityOfPage\" ><span itemprop='name'>Augmentir nombrada Empresa Trabajadora Conectada del A\u00f1o 2023 por Frost &amp; Sullivan<\/span><\/span><\/span><\/article><article class='slide-entry flex_column  post-entry post-entry-13213 slide-entry-overview slide-loop-6 slide-parity-odd  av_one_third  real-thumbnail'  itemscope=\"itemscope\" itemtype=\"https:\/\/schema.org\/BlogPosting\" itemprop=\"blogPost\" ><a href='https:\/\/www.augmentir.com\/es\/news\/augmentir-wins-frost-sullivan-best-practice-award' data-rel='slide-1' class='slide-image' title=''><img decoding=\"async\" width=\"1200\" height=\"630\" src=\"https:\/\/www.augmentir.com\/wp-content\/uploads\/2022\/11\/frost-sullivan-bp-award-augmentir-2022.png\" class=\"attachment-portfolio size-portfolio wp-post-image\" alt=\"Augmentir recibe el premio Frost &amp; Sullivan a las mejores pr\u00e1cticas\" srcset=\"https:\/\/www.augmentir.com\/wp-content\/uploads\/2022\/11\/frost-sullivan-bp-award-augmentir-2022.png 1200w, https:\/\/www.augmentir.com\/wp-content\/uploads\/2022\/11\/frost-sullivan-bp-award-augmentir-2022-300x158.png 300w, https:\/\/www.augmentir.com\/wp-content\/uploads\/2022\/11\/frost-sullivan-bp-award-augmentir-2022-768x403.png 768w, https:\/\/www.augmentir.com\/wp-content\/uploads\/2022\/11\/frost-sullivan-bp-award-augmentir-2022-18x9.png 18w, https:\/\/www.augmentir.com\/wp-content\/uploads\/2022\/11\/frost-sullivan-bp-award-augmentir-2022-705x370.png 705w\" sizes=\"(max-width: 1200px) 100vw, 1200px\" \/><\/a><div class='slide-content'><header class=\"entry-content-header\"><h3 class='slide-entry-title entry-title'  itemprop=\"headline\" ><a href='https:\/\/www.augmentir.com\/es\/news\/augmentir-wins-frost-sullivan-best-practice-award' title='Augmentir gana el premio Frost &amp; Sullivan 2022 Connected Worker Customer Value Leadership Award'>Augmentir gana el premio Frost &amp; Sullivan 2022 Connected Worker Customer Value Leadership Award<\/a><\/h3><time class='slide-meta-time updated'  itemprop=\"headline\" >29 de noviembre de 2022<\/time><span class='blog-author minor-meta'>&nbsp;<span class='text-sep text-sep-cat'>\/<\/span>&nbsp;por Chris Kuntz<\/span><span class=\"blog-categories minor-meta\"><a href=\"https:\/\/www.augmentir.com\/es\/category\/news\" rel=\"tag\">Noticias<\/a> <\/span><span class=\"av-vertical-delimiter\"><\/span><\/header><div class='slide-entry-excerpt entry-content'  itemprop=\"text\" >La innovaci\u00f3n continua diferencia a Augmentir y ofrece valor al cliente en toda la operaci\u00f3n, incluida la seguridad, la calidad, las operaciones, el mantenimiento y el servicio de campo.<div class=\"read-more-link\"><a href=\"https:\/\/www.augmentir.com\/es\/news\/augmentir-wins-frost-sullivan-best-practice-award\" class=\"more-link\">Leer m\u00e1s<span class=\"more-link-arrow\"><\/span><\/a><\/div><\/div><\/div><footer class=\"entry-footer\"><div class='slide-meta'><time class='slide-meta-time updated'  itemprop=\"datePublished\" datetime=\"2022-11-29T13:25:21+00:00\" >&nbsp;<\/time><\/div><\/footer><span class='hidden'>\n\t\t\t<span class='av-structured-data'  itemprop=\"image\" itemscope=\"itemscope\" itemtype=\"https:\/\/schema.org\/ImageObject\">\n\t\t\t\t\t   <span itemprop='url' >https:\/\/www.augmentir.com\/wp-content\/uploads\/2022\/11\/frost-sullivan-bp-award-augmentir-2022.png<\/span>\n\t\t\t\t\t   <span itemprop='height' >630<\/span>\n\t\t\t\t\t   <span itemprop='width' >1200<\/span>\n\t\t\t\t  <\/span><span class='av-structured-data'  itemprop=\"publisher\" itemtype=\"https:\/\/schema.org\/Organization\" itemscope=\"itemscope\" >\n\t\t\t\t<span itemprop='name'>Chris Kuntz<\/span>\n\t\t\t\t<span itemprop='logo' itemscope itemtype='https:\/\/schema.org\/ImageObject'>\n\t\t\t\t   <span itemprop='url'>https:\/\/www.augmentir.com\/wp-content\/uploads\/2021\/09\/Augmentir_Logo_Sm-300x169.png<\/span>\n\t\t\t\t <\/span>\n\t\t\t  <\/span><span class='av-structured-data'  itemprop=\"author\" itemscope=\"itemscope\" itemtype=\"https:\/\/schema.org\/Person\" ><span itemprop='name'>Chris Kuntz<\/span><\/span><span class='av-structured-data'  itemprop=\"datePublished\" datetime=\"2022-07-27T14:53:35+00:00\" >2022-11-29 13:25:21<\/span><span class='av-structured-data'  itemprop=\"dateModified\" itemtype=\"https:\/\/schema.org\/dateModified\" >2024-11-01 10:21:31<\/span><span class='av-structured-data'  itemprop=\"mainEntityOfPage\" itemtype=\"https:\/\/schema.org\/mainEntityOfPage\" ><span itemprop='name'>Augmentir gana el premio Frost &amp; Sullivan 2022 Connected Worker Customer Value Leadership Award<\/span><\/span><\/span><\/article><\/div><div class='slide-entry-wrap'><article class='slide-entry flex_column  post-entry post-entry-13107 slide-entry-overview slide-loop-7 slide-parity-odd  av_one_third first real-thumbnail'  itemscope=\"itemscope\" itemtype=\"https:\/\/schema.org\/BlogPosting\" itemprop=\"blogPost\" ><a href='https:\/\/www.augmentir.com\/es\/news\/augmentir-named-a-2022-gartner-cool-vendor-in-manufacturing-operations' data-rel='slide-1' class='slide-image' title=''><img decoding=\"async\" width=\"1200\" height=\"630\" src=\"https:\/\/www.augmentir.com\/wp-content\/uploads\/2022\/09\/augmentir-gartner-cool-vendor-manufacturing-operations.png\" class=\"attachment-portfolio size-portfolio wp-post-image\" alt=\"Operaciones de fabricaci\u00f3n de proveedores de Gartner para aumentar la eficiencia\" srcset=\"https:\/\/www.augmentir.com\/wp-content\/uploads\/2022\/09\/augmentir-gartner-cool-vendor-manufacturing-operations.png 1200w, https:\/\/www.augmentir.com\/wp-content\/uploads\/2022\/09\/augmentir-gartner-cool-vendor-manufacturing-operations-300x158.png 300w, https:\/\/www.augmentir.com\/wp-content\/uploads\/2022\/09\/augmentir-gartner-cool-vendor-manufacturing-operations-768x403.png 768w, https:\/\/www.augmentir.com\/wp-content\/uploads\/2022\/09\/augmentir-gartner-cool-vendor-manufacturing-operations-18x9.png 18w, https:\/\/www.augmentir.com\/wp-content\/uploads\/2022\/09\/augmentir-gartner-cool-vendor-manufacturing-operations-705x370.png 705w\" sizes=\"(max-width: 1200px) 100vw, 1200px\" \/><\/a><div class='slide-content'><header class=\"entry-content-header\"><h3 class='slide-entry-title entry-title'  itemprop=\"headline\" ><a href='https:\/\/www.augmentir.com\/es\/news\/augmentir-named-a-2022-gartner-cool-vendor-in-manufacturing-operations' title='Augmentir nombrado Gartner Cool Vendor 2022 en Operaciones de Fabricaci\u00f3n'>Augmentir nombrado Gartner Cool Vendor 2022 en Operaciones de Fabricaci\u00f3n<\/a><\/h3><time class='slide-meta-time updated'  itemprop=\"headline\" >13 de septiembre de 2022<\/time><span class='blog-author minor-meta'>&nbsp;<span class='text-sep text-sep-cat'>\/<\/span>&nbsp;por Chris Kuntz<\/span><span class=\"blog-categories minor-meta\"><a href=\"https:\/\/www.augmentir.com\/es\/category\/news\" rel=\"tag\">Noticias<\/a> <\/span><span class=\"av-vertical-delimiter\"><\/span><\/header><div class='slide-entry-excerpt entry-content'  itemprop=\"text\" >Nuevo informe de Gartner reconoce a las empresas innovadoras en soluciones de operaciones de fabricaci\u00f3n.<div class=\"read-more-link\"><a href=\"https:\/\/www.augmentir.com\/es\/news\/augmentir-named-a-2022-gartner-cool-vendor-in-manufacturing-operations\" class=\"more-link\">Leer m\u00e1s<span class=\"more-link-arrow\"><\/span><\/a><\/div><\/div><\/div><footer class=\"entry-footer\"><div class='slide-meta'><time class='slide-meta-time updated'  itemprop=\"datePublished\" datetime=\"2022-09-13T14:06:38+00:00\" >&nbsp;<\/time><\/div><\/footer><span class='hidden'>\n\t\t\t<span class='av-structured-data'  itemprop=\"image\" itemscope=\"itemscope\" itemtype=\"https:\/\/schema.org\/ImageObject\">\n\t\t\t\t\t   <span itemprop='url' >https:\/\/www.augmentir.com\/wp-content\/uploads\/2022\/09\/augmentir-gartner-cool-vendor-manufacturing-operations.png<\/span>\n\t\t\t\t\t   <span itemprop='height' >630<\/span>\n\t\t\t\t\t   <span itemprop='width' >1200<\/span>\n\t\t\t\t  <\/span><span class='av-structured-data'  itemprop=\"publisher\" itemtype=\"https:\/\/schema.org\/Organization\" itemscope=\"itemscope\" >\n\t\t\t\t<span itemprop='name'>Chris Kuntz<\/span>\n\t\t\t\t<span itemprop='logo' itemscope itemtype='https:\/\/schema.org\/ImageObject'>\n\t\t\t\t   <span itemprop='url'>https:\/\/www.augmentir.com\/wp-content\/uploads\/2021\/09\/Augmentir_Logo_Sm-300x169.png<\/span>\n\t\t\t\t <\/span>\n\t\t\t  <\/span><span class='av-structured-data'  itemprop=\"author\" itemscope=\"itemscope\" itemtype=\"https:\/\/schema.org\/Person\" ><span itemprop='name'>Chris Kuntz<\/span><\/span><span class='av-structured-data'  itemprop=\"datePublished\" datetime=\"2022-07-27T14:53:35+00:00\" >2022-09-13 14:06:38<\/span><span class='av-structured-data'  itemprop=\"dateModified\" itemtype=\"https:\/\/schema.org\/dateModified\" >2024-11-01 10:21:16<\/span><span class='av-structured-data'  itemprop=\"mainEntityOfPage\" itemtype=\"https:\/\/schema.org\/mainEntityOfPage\" ><span itemprop='name'>Augmentir nombrado Gartner Cool Vendor 2022 en Operaciones de Fabricaci\u00f3n<\/span><\/span><\/span><\/article><article class='slide-entry flex_column  post-entry post-entry-12965 slide-entry-overview slide-loop-8 slide-parity-even  post-entry-last  av_one_third  real-thumbnail'  itemscope=\"itemscope\" itemtype=\"https:\/\/schema.org\/BlogPosting\" itemprop=\"blogPost\" ><a href='https:\/\/www.augmentir.com\/es\/news\/augmentir-named-to-the-2022-cb-insights-advanced-manufacturing-50-list' data-rel='slide-1' class='slide-image' title=''><img decoding=\"async\" width=\"2400\" height=\"1260\" src=\"https:\/\/www.augmentir.com\/wp-content\/uploads\/2022\/07\/cbinsights-advanced-manufacturing-50-augmentir.png\" class=\"attachment-portfolio size-portfolio wp-post-image\" alt=\"Augmentir nombrado entre los 50 mejores de fabricaci\u00f3n avanzada seg\u00fan CB Insights\" srcset=\"https:\/\/www.augmentir.com\/wp-content\/uploads\/2022\/07\/cbinsights-advanced-manufacturing-50-augmentir.png 2400w, https:\/\/www.augmentir.com\/wp-content\/uploads\/2022\/07\/cbinsights-advanced-manufacturing-50-augmentir-300x158.png 300w, https:\/\/www.augmentir.com\/wp-content\/uploads\/2022\/07\/cbinsights-advanced-manufacturing-50-augmentir-1200x630.png 1200w, https:\/\/www.augmentir.com\/wp-content\/uploads\/2022\/07\/cbinsights-advanced-manufacturing-50-augmentir-768x403.png 768w, https:\/\/www.augmentir.com\/wp-content\/uploads\/2022\/07\/cbinsights-advanced-manufacturing-50-augmentir-1536x806.png 1536w, https:\/\/www.augmentir.com\/wp-content\/uploads\/2022\/07\/cbinsights-advanced-manufacturing-50-augmentir-2048x1075.png 2048w, https:\/\/www.augmentir.com\/wp-content\/uploads\/2022\/07\/cbinsights-advanced-manufacturing-50-augmentir-18x9.png 18w, https:\/\/www.augmentir.com\/wp-content\/uploads\/2022\/07\/cbinsights-advanced-manufacturing-50-augmentir-1500x788.png 1500w, https:\/\/www.augmentir.com\/wp-content\/uploads\/2022\/07\/cbinsights-advanced-manufacturing-50-augmentir-705x370.png 705w\" sizes=\"(max-width: 2400px) 100vw, 2400px\" \/><\/a><div class='slide-content'><header class=\"entry-content-header\"><h3 class='slide-entry-title entry-title'  itemprop=\"headline\" ><a href='https:\/\/www.augmentir.com\/es\/news\/augmentir-named-to-the-2022-cb-insights-advanced-manufacturing-50-list' title='Augmentir incluida en la lista de las 50 empresas de fabricaci\u00f3n avanzada de CB Insights de 2022'>Augmentir incluida en la lista Advanced Manufacturing 50 de CB Insights de 2022<\/a><\/h3><time class='slide-meta-time updated'  itemprop=\"headline\" >27 de julio de 2022<\/time><span class='blog-author minor-meta'>&nbsp;<span class='text-sep text-sep-cat'>\/<\/span>&nbsp;por Chris Kuntz<\/span><span class=\"blog-categories minor-meta\"><a href=\"https:\/\/www.augmentir.com\/es\/category\/news\" rel=\"tag\">Noticias<\/a> <\/span><span class=\"av-vertical-delimiter\"><\/span><\/header><div class='slide-entry-excerpt entry-content'  itemprop=\"text\" >Augmentir reconocido por CB Insights por sus logros en tecnolog\u00eda de trabajadores conectados basada en IA.<div class=\"read-more-link\"><a href=\"https:\/\/www.augmentir.com\/es\/news\/augmentir-named-to-the-2022-cb-insights-advanced-manufacturing-50-list\" class=\"more-link\">Leer m\u00e1s<span class=\"more-link-arrow\"><\/span><\/a><\/div><\/div><\/div><footer class=\"entry-footer\"><div class='slide-meta'><time class='slide-meta-time updated'  itemprop=\"datePublished\" datetime=\"2022-07-27T14:53:35+00:00\" >&nbsp;<\/time><\/div><\/footer><span class='hidden'>\n\t\t\t<span class='av-structured-data'  itemprop=\"image\" itemscope=\"itemscope\" itemtype=\"https:\/\/schema.org\/ImageObject\">\n\t\t\t\t\t   <span itemprop='url' >https:\/\/www.augmentir.com\/wp-content\/uploads\/2022\/07\/cbinsights-advanced-manufacturing-50-augmentir.png<\/span>\n\t\t\t\t\t   <span itemprop='height' >1260<\/span>\n\t\t\t\t\t   <span itemprop='width' >2400<\/span>\n\t\t\t\t  <\/span><span class='av-structured-data'  itemprop=\"publisher\" itemtype=\"https:\/\/schema.org\/Organization\" itemscope=\"itemscope\" >\n\t\t\t\t<span itemprop='name'>Chris Kuntz<\/span>\n\t\t\t\t<span itemprop='logo' itemscope itemtype='https:\/\/schema.org\/ImageObject'>\n\t\t\t\t   <span itemprop='url'>https:\/\/www.augmentir.com\/wp-content\/uploads\/2021\/09\/Augmentir_Logo_Sm-300x169.png<\/span>\n\t\t\t\t <\/span>\n\t\t\t  <\/span><span class='av-structured-data'  itemprop=\"author\" itemscope=\"itemscope\" itemtype=\"https:\/\/schema.org\/Person\" ><span itemprop='name'>Chris Kuntz<\/span><\/span><span class='av-structured-data'  itemprop=\"datePublished\" datetime=\"2022-07-27T14:53:35+00:00\" >2022-07-27 14:53:35<\/span><span class='av-structured-data'  itemprop=\"dateModified\" itemtype=\"https:\/\/schema.org\/dateModified\" >2024-11-01 10:20:54<\/span><span class='av-structured-data'  itemprop=\"mainEntityOfPage\" itemtype=\"https:\/\/schema.org\/mainEntityOfPage\" ><span itemprop='name'>Augmentir incluida en la lista Advanced Manufacturing 50 de CB Insights de 2022<\/span><\/span><\/span><\/article><\/div><\/div><\/div>\n\n<\/div><\/div><\/div><!-- close content main div --><\/div><\/div><div id='av_section_6'  class='avia-section main_color avia-section-default avia-no-border-styling avia-bg-style-scroll   container_wrap sidebar_right' style=' '  ><div class='container' ><div class='template-page content  av-content-small alpha units'><div class='post-entry post-entry-type-page post-entry-14275'><div class='entry-content-wrapper clearfix'>\n\n<\/div><\/div><\/div><!-- close content main div --><\/div><\/div><div id='after_section_6'  class='main_color av_default_container_wrap container_wrap sidebar_right' style=' '  ><div class='container' ><div class='template-page content  av-content-small alpha units'><div class='post-entry post-entry-type-page post-entry-14275'><div class='entry-content-wrapper clearfix'>","protected":false},"excerpt":{"rendered":"","protected":false},"author":1,"featured_media":14280,"parent":0,"menu_order":0,"comment_status":"closed","ping_status":"closed","template":"","meta":{"inline_featured_image":false,"_lmt_disableupdate":"no","_lmt_disable":"","footnotes":""},"class_list":["post-14275","page","type-page","status-publish","has-post-thumbnail","hentry"],"yoast_head":"<!-- This site is optimized with the Yoast SEO plugin v27.2 - https:\/\/yoast.com\/product\/yoast-seo-wordpress\/ -->\n<title>Augmentir: The Connected Worker Leader - Augmentir<\/title>\n<meta name=\"description\" content=\"For the past 3 consecutive years, Augmentir has placed at the top of vendor rankings for all industry analysts covering the industrial connected worker software space.\" \/>\n<meta name=\"robots\" content=\"index, follow, max-snippet:-1, max-image-preview:large, max-video-preview:-1\" \/>\n<link rel=\"canonical\" href=\"https:\/\/www.augmentir.com\/es\/awards\" \/>\n<meta property=\"og:locale\" content=\"es_ES\" \/>\n<meta property=\"og:type\" content=\"article\" \/>\n<meta property=\"og:title\" content=\"Augmentir: The Connected Worker Leader - Augmentir\" \/>\n<meta property=\"og:description\" content=\"For the past 3 consecutive years, Augmentir has placed at the top of vendor rankings for all industry analysts covering the industrial connected worker software space.\" \/>\n<meta property=\"og:url\" content=\"https:\/\/www.augmentir.com\/es\/awards\" \/>\n<meta property=\"og:site_name\" content=\"Augmentir\" \/>\n<meta property=\"article:modified_time\" content=\"2026-01-08T17:21:25+00:00\" \/>\n<meta property=\"og:image\" content=\"https:\/\/www.augmentir.com\/wp-content\/uploads\/2024\/11\/augmentir-leader-connected-worker-market.webp\" \/>\n\t<meta property=\"og:image:width\" content=\"2400\" \/>\n\t<meta property=\"og:image:height\" content=\"1260\" \/>\n\t<meta property=\"og:image:type\" content=\"image\/webp\" \/>\n<meta name=\"twitter:card\" content=\"summary_large_image\" \/>\n<meta name=\"twitter:site\" content=\"@augmentir\" \/>\n<script type=\"application\/ld+json\" class=\"yoast-schema-graph\">{\"@context\":\"https:\/\/schema.org\",\"@graph\":[{\"@type\":\"WebPage\",\"@id\":\"https:\/\/www.augmentir.com\/awards\",\"url\":\"https:\/\/www.augmentir.com\/awards\",\"name\":\"Augmentir: The Connected Worker Leader - Augmentir\",\"isPartOf\":{\"@id\":\"https:\/\/www.augmentir.com\/#website\"},\"primaryImageOfPage\":{\"@id\":\"https:\/\/www.augmentir.com\/awards#primaryimage\"},\"image\":{\"@id\":\"https:\/\/www.augmentir.com\/awards#primaryimage\"},\"thumbnailUrl\":\"https:\/\/www.augmentir.com\/wp-content\/uploads\/2024\/11\/augmentir-leader-connected-worker-market.webp\",\"datePublished\":\"2024-11-01T13:55:34+00:00\",\"dateModified\":\"2026-01-08T17:21:25+00:00\",\"description\":\"For the past 3 consecutive years, Augmentir has placed at the top of vendor rankings for all industry analysts covering the industrial connected worker software space.\",\"breadcrumb\":{\"@id\":\"https:\/\/www.augmentir.com\/awards#breadcrumb\"},\"inLanguage\":\"es\",\"potentialAction\":[{\"@type\":\"ReadAction\",\"target\":[\"https:\/\/www.augmentir.com\/awards\"]}]},{\"@type\":\"ImageObject\",\"inLanguage\":\"es\",\"@id\":\"https:\/\/www.augmentir.com\/awards#primaryimage\",\"url\":\"https:\/\/www.augmentir.com\/wp-content\/uploads\/2024\/11\/augmentir-leader-connected-worker-market.webp\",\"contentUrl\":\"https:\/\/www.augmentir.com\/wp-content\/uploads\/2024\/11\/augmentir-leader-connected-worker-market.webp\",\"width\":2400,\"height\":1260,\"caption\":\"augmentir top leading 1 connected worker software platform vendor\"},{\"@type\":\"BreadcrumbList\",\"@id\":\"https:\/\/www.augmentir.com\/awards#breadcrumb\",\"itemListElement\":[{\"@type\":\"ListItem\",\"position\":1,\"name\":\"Home\",\"item\":\"https:\/\/www.augmentir.com\/\"},{\"@type\":\"ListItem\",\"position\":2,\"name\":\"Awards\"}]},{\"@type\":\"WebSite\",\"@id\":\"https:\/\/www.augmentir.com\/#website\",\"url\":\"https:\/\/www.augmentir.com\/\",\"name\":\"Augmentir\",\"description\":\"AI-Powered Connected Worker Platform\",\"publisher\":{\"@id\":\"https:\/\/www.augmentir.com\/#organization\"},\"potentialAction\":[{\"@type\":\"SearchAction\",\"target\":{\"@type\":\"EntryPoint\",\"urlTemplate\":\"https:\/\/www.augmentir.com\/?s={search_term_string}\"},\"query-input\":{\"@type\":\"PropertyValueSpecification\",\"valueRequired\":true,\"valueName\":\"search_term_string\"}}],\"inLanguage\":\"es\"},{\"@type\":\"Organization\",\"@id\":\"https:\/\/www.augmentir.com\/#organization\",\"name\":\"Augmentir, Inc.\",\"url\":\"https:\/\/www.augmentir.com\/\",\"logo\":{\"@type\":\"ImageObject\",\"inLanguage\":\"es\",\"@id\":\"https:\/\/www.augmentir.com\/#\/schema\/logo\/image\/\",\"url\":\"https:\/\/www.augmentir.com\/wp-content\/uploads\/2021\/10\/Augmentir_Logo.svg\",\"contentUrl\":\"https:\/\/www.augmentir.com\/wp-content\/uploads\/2021\/10\/Augmentir_Logo.svg\",\"width\":\"1200\",\"height\":\"1200\",\"caption\":\"Augmentir, Inc.\"},\"image\":{\"@id\":\"https:\/\/www.augmentir.com\/#\/schema\/logo\/image\/\"},\"sameAs\":[\"https:\/\/x.com\/augmentir\",\"https:\/\/www.linkedin.com\/company\/augmentir\"]}]}<\/script>\n<!-- \/ Yoast SEO plugin. -->","yoast_head_json":{"title":"Augmentir: The Connected Worker Leader - Augmentir","description":"For the past 3 consecutive years, Augmentir has placed at the top of vendor rankings for all industry analysts covering the industrial connected worker software space.","robots":{"index":"index","follow":"follow","max-snippet":"max-snippet:-1","max-image-preview":"max-image-preview:large","max-video-preview":"max-video-preview:-1"},"canonical":"https:\/\/www.augmentir.com\/es\/awards","og_locale":"es_ES","og_type":"article","og_title":"Augmentir: The Connected Worker Leader - Augmentir","og_description":"For the past 3 consecutive years, Augmentir has placed at the top of vendor rankings for all industry analysts covering the industrial connected worker software space.","og_url":"https:\/\/www.augmentir.com\/es\/awards","og_site_name":"Augmentir","article_modified_time":"2026-01-08T17:21:25+00:00","og_image":[{"width":2400,"height":1260,"url":"https:\/\/www.augmentir.com\/wp-content\/uploads\/2024\/11\/augmentir-leader-connected-worker-market.webp","type":"image\/webp"}],"twitter_card":"summary_large_image","twitter_site":"@augmentir","schema":{"@context":"https:\/\/schema.org","@graph":[{"@type":"WebPage","@id":"https:\/\/www.augmentir.com\/awards","url":"https:\/\/www.augmentir.com\/awards","name":"Augmentir: The Connected Worker Leader - Augmentir","isPartOf":{"@id":"https:\/\/www.augmentir.com\/#website"},"primaryImageOfPage":{"@id":"https:\/\/www.augmentir.com\/awards#primaryimage"},"image":{"@id":"https:\/\/www.augmentir.com\/awards#primaryimage"},"thumbnailUrl":"https:\/\/www.augmentir.com\/wp-content\/uploads\/2024\/11\/augmentir-leader-connected-worker-market.webp","datePublished":"2024-11-01T13:55:34+00:00","dateModified":"2026-01-08T17:21:25+00:00","description":"For the past 3 consecutive years, Augmentir has placed at the top of vendor rankings for all industry analysts covering the industrial connected worker software space.","breadcrumb":{"@id":"https:\/\/www.augmentir.com\/awards#breadcrumb"},"inLanguage":"es","potentialAction":[{"@type":"ReadAction","target":["https:\/\/www.augmentir.com\/awards"]}]},{"@type":"ImageObject","inLanguage":"es","@id":"https:\/\/www.augmentir.com\/awards#primaryimage","url":"https:\/\/www.augmentir.com\/wp-content\/uploads\/2024\/11\/augmentir-leader-connected-worker-market.webp","contentUrl":"https:\/\/www.augmentir.com\/wp-content\/uploads\/2024\/11\/augmentir-leader-connected-worker-market.webp","width":2400,"height":1260,"caption":"augmentir top leading 1 connected worker software platform vendor"},{"@type":"BreadcrumbList","@id":"https:\/\/www.augmentir.com\/awards#breadcrumb","itemListElement":[{"@type":"ListItem","position":1,"name":"Home","item":"https:\/\/www.augmentir.com\/"},{"@type":"ListItem","position":2,"name":"Awards"}]},{"@type":"WebSite","@id":"https:\/\/www.augmentir.com\/#website","url":"https:\/\/www.augmentir.com\/","name":"Augmentir","description":"AI-Powered Connected Worker Platform","publisher":{"@id":"https:\/\/www.augmentir.com\/#organization"},"potentialAction":[{"@type":"SearchAction","target":{"@type":"EntryPoint","urlTemplate":"https:\/\/www.augmentir.com\/?s={search_term_string}"},"query-input":{"@type":"PropertyValueSpecification","valueRequired":true,"valueName":"search_term_string"}}],"inLanguage":"es"},{"@type":"Organization","@id":"https:\/\/www.augmentir.com\/#organization","name":"Augmentir, Inc.","url":"https:\/\/www.augmentir.com\/","logo":{"@type":"ImageObject","inLanguage":"es","@id":"https:\/\/www.augmentir.com\/#\/schema\/logo\/image\/","url":"https:\/\/www.augmentir.com\/wp-content\/uploads\/2021\/10\/Augmentir_Logo.svg","contentUrl":"https:\/\/www.augmentir.com\/wp-content\/uploads\/2021\/10\/Augmentir_Logo.svg","width":"1200","height":"1200","caption":"Augmentir, Inc."},"image":{"@id":"https:\/\/www.augmentir.com\/#\/schema\/logo\/image\/"},"sameAs":["https:\/\/x.com\/augmentir","https:\/\/www.linkedin.com\/company\/augmentir"]}]}},"_links":{"self":[{"href":"https:\/\/www.augmentir.com\/es\/wp-json\/wp\/v2\/pages\/14275","targetHints":{"allow":["GET"]}}],"collection":[{"href":"https:\/\/www.augmentir.com\/es\/wp-json\/wp\/v2\/pages"}],"about":[{"href":"https:\/\/www.augmentir.com\/es\/wp-json\/wp\/v2\/types\/page"}],"author":[{"embeddable":true,"href":"https:\/\/www.augmentir.com\/es\/wp-json\/wp\/v2\/users\/1"}],"replies":[{"embeddable":true,"href":"https:\/\/www.augmentir.com\/es\/wp-json\/wp\/v2\/comments?post=14275"}],"version-history":[{"count":0,"href":"https:\/\/www.augmentir.com\/es\/wp-json\/wp\/v2\/pages\/14275\/revisions"}],"wp:featuredmedia":[{"embeddable":true,"href":"https:\/\/www.augmentir.com\/es\/wp-json\/wp\/v2\/media\/14280"}],"wp:attachment":[{"href":"https:\/\/www.augmentir.com\/es\/wp-json\/wp\/v2\/media?parent=14275"}],"curies":[{"name":"wp","href":"https:\/\/api.w.org\/{rel}","templated":true}]}}