{"id":13111,"date":"2022-09-14T13:11:24","date_gmt":"2022-09-14T13:11:24","guid":{"rendered":"https:\/\/www.augmentir.com\/?page_id=13111"},"modified":"2022-09-16T14:47:43","modified_gmt":"2022-09-16T14:47:43","slug":"imts-ebook","status":"publish","type":"page","link":"https:\/\/www.augmentir.com\/es\/imts-ebook","title":{"rendered":"IMTS \u2013 La brecha laboral en las manufacturas y el futuro del trabajo"},"content":{"rendered":"<div id='top-section'  class='avia-section main_color avia-section-default avia-no-border-styling avia-bg-style-scroll  avia-builder-el-0  avia-builder-el-no-sibling   container_wrap sidebar_right' style='background-repeat: repeat-y; background-image: url(https:\/\/www.augmentir.com\/wp-content\/uploads\/2021\/10\/page-half-background.png);background-attachment: scroll; background-position: center center;  '  data-section-bg-repeat='repeat-y'><div class='container' ><main  role=\"main\" itemprop=\"mainContentOfPage\"  class='template-page content  av-content-small alpha units'><div class='post-entry post-entry-type-page post-entry-13111'><div class='entry-content-wrapper clearfix'>\n<div class=\"flex_column av_one_half  av-break-at-tablet flex_column_div first  avia-builder-el-1  el_before_av_one_half  avia-builder-el-first  first-column\" style='padding:0px 30px 0px 0px ; border-radius:0px; '><p><section class=\"av_textblock_section\"  itemscope=\"itemscope\" itemtype=\"https:\/\/schema.org\/CreativeWork\" ><div class='avia_textblock eyebrow-headline av_inherit_color'  style='color:#222222; '  itemprop=\"text\" ><p>Libro electr\u00f3nico<\/p>\n<\/div><\/section><br \/>\n<div  style='padding-bottom:0px; margin-top:0px; font-size:40px;' class='av-special-heading av-special-heading-h1  blockquote modern-quote  avia-builder-el-3  el_after_av_textblock  el_before_av_textblock  h1-page-title av-inherit-size'><h1 class='av-special-heading-tag'  itemprop=\"headline\"  >La brecha laboral en la industria manufacturera y el futuro del trabajo<\/h1><div class='special-heading-border'><div class='special-heading-inner-border' ><\/div><\/div><\/div><br \/>\n<section class=\"av_textblock_section\"  itemscope=\"itemscope\" itemtype=\"https:\/\/schema.org\/CreativeWork\" ><div class='avia_textblock'   itemprop=\"text\" ><div class=\"page\" title=\"P\u00e1gina 1\">\n<div class=\"section\">\n<div class=\"layoutArea\">\n<div class=\"column\">\n<p>Una nueva generaci\u00f3n de herramientas inteligentes para trabajadores conectados permite a las empresas ofrecer una gesti\u00f3n eficaz de habilidades, capacitaci\u00f3n, colaboraci\u00f3n y apoyo en el trabajo para la fuerza laboral actual, m\u00e1s din\u00e1mica y flexible.<\/p>\n<\/div>\n<\/div>\n<\/div>\n<\/div>\n<\/div><\/section><br \/>\n<div  class='avia-image-container  av-styling-    avia-builder-el-5  el_after_av_textblock  el_before_av_hr  avia-align-center'  itemprop=\"image\" itemscope=\"itemscope\" itemtype=\"https:\/\/schema.org\/ImageObject\"  ><div class='avia-image-container-inner'><div class='avia-image-overlay-wrap'><img class='avia_image' src='https:\/\/www.augmentir.com\/wp-content\/uploads\/2022\/08\/manufacturing-labor-gap-and-future-of-work.png' alt='Brecha laboral en la industria manufacturera y el futuro del trabajo' title='' height=\"630\" width=\"1200\"  itemprop=\"thumbnailUrl\"  \/><\/div><\/div><\/div><br \/>\n<div  style='height:30px' class='hr hr-invisible  av-small-hide av-mini-hide  avia-builder-el-6  el_after_av_image  el_before_av_textblock'><span class='hr-inner' ><span class='hr-inner-style'><\/span><\/span><\/div><br \/>\n<section class=\"av_textblock_section  av-small-hide av-mini-hide\"  itemscope=\"itemscope\" itemtype=\"https:\/\/schema.org\/CreativeWork\" ><div class='avia_textblock'  style='font-size:16px; '  itemprop=\"text\" ><div class=\"page\" title=\"P\u00e1gina 2\">\n<div class=\"section\">\n<div class=\"layoutArea\">\n<div class=\"column\">\n<p>Existe una crisis de fuerza laboral que se acelera y que est\u00e1 perturbando a toda la industria manufacturera. El sector, que ya se encontraba bajo presi\u00f3n con un mercado laboral ajustado, la r\u00e1pida jubilaci\u00f3n de la generaci\u00f3n del baby boom y la creciente brecha de habilidades, se enfrenta ahora a una fuerza laboral cada vez m\u00e1s impredecible y diversa.<\/p>\n<p><strong>La lucha laboral es real<\/strong><\/p>\n<p>Tras los problemas laborales, el ausentismo laboral, la rotaci\u00f3n de personal y los problemas de calidad afectan cada vez m\u00e1s los resultados de los fabricantes. Seg\u00fan un informe de abril de 2022 del Workforce Institute de UKG, casi todos los fabricantes encuestados afirmaron que la escasez de mano de obra afect\u00f3 su capacidad para satisfacer las demandas de producci\u00f3n, y la mayor\u00eda describi\u00f3 los impactos como &quot;graves&quot;.<\/p>\n<div class=\"page\" title=\"P\u00e1gina 3\">\n<div class=\"section\">\n<div class=\"layoutArea\">\n<div class=\"column\">\n<p>La realidad es que este problema no va a desaparecer. Seg\u00fan un estudio reciente de Deloitte, el 771% de los fabricantes encuestados afirman que seguir\u00e1n teniendo dificultades para atraer y retener a sus trabajadores despu\u00e9s de 2022.<\/p>\n<p>La Gran Resignaci\u00f3n y la Escasez de Mano de Obra en la Manufactura han creado un cambio permanente, y los fabricantes deben comenzar a pensar en adaptar sus procesos de contrataci\u00f3n, incorporaci\u00f3n y capacitaci\u00f3n para respaldar una fuerza laboral futura m\u00e1s flexible en la manufactura.<\/p>\n<\/div>\n<\/div>\n<\/div>\n<\/div>\n<\/div>\n<\/div>\n<\/div>\n<\/div>\n<\/div><\/section><\/p><\/div><div class=\"flex_column av_one_half  av-break-at-tablet flex_column_div   avia-builder-el-8  el_after_av_one_half  avia-builder-el-last  form-container-column\" style='padding:0px 0px 0px 30px ; border-radius:0px; '><p><br \/>\n<\/p><\/div><\/div><\/div><\/main><!-- close content main element --><\/div><\/div><div id='after_section_1'  class='main_color av_default_container_wrap container_wrap sidebar_right' style=' '  ><div class='container' ><div class='template-page content  av-content-small alpha units'><div class='post-entry post-entry-type-page post-entry-13111'><div class='entry-content-wrapper clearfix'>","protected":false},"excerpt":{"rendered":"","protected":false},"author":1,"featured_media":13049,"parent":0,"menu_order":0,"comment_status":"closed","ping_status":"closed","template":"","meta":{"inline_featured_image":false,"_lmt_disableupdate":"no","_lmt_disable":"","footnotes":""},"class_list":["post-13111","page","type-page","status-publish","has-post-thumbnail","hentry"],"yoast_head":"<!-- This site is optimized with the Yoast SEO plugin v27.2 - https:\/\/yoast.com\/product\/yoast-seo-wordpress\/ -->\n<title>IMTS - Manufacturings Labor Gap and the Future of Work - Augmentir<\/title>\n<meta name=\"description\" content=\"A new generation of smart connected worker tools are allowing companies to deliver effective skills management, training, collaboration, and on the job support for today\u2019s more dynamic, more flexible workforce.\" \/>\n<meta name=\"robots\" content=\"index, follow, max-snippet:-1, max-image-preview:large, max-video-preview:-1\" \/>\n<link rel=\"canonical\" href=\"https:\/\/www.augmentir.com\/es\/imts-ebook\" \/>\n<meta property=\"og:locale\" content=\"es_ES\" \/>\n<meta property=\"og:type\" content=\"article\" \/>\n<meta property=\"og:title\" content=\"IMTS - Manufacturings Labor Gap and the Future of Work - Augmentir\" \/>\n<meta property=\"og:description\" content=\"A new generation of smart connected worker tools are allowing companies to deliver effective skills management, training, collaboration, and on the job support for today\u2019s more dynamic, more flexible workforce.\" \/>\n<meta property=\"og:url\" content=\"https:\/\/www.augmentir.com\/es\/imts-ebook\" \/>\n<meta property=\"og:site_name\" content=\"Augmentir\" \/>\n<meta property=\"article:modified_time\" content=\"2022-09-16T14:47:43+00:00\" \/>\n<meta property=\"og:image\" content=\"https:\/\/www.augmentir.com\/wp-content\/uploads\/2022\/08\/manufacturing-labor-gap-and-future-of-work.png\" \/>\n\t<meta property=\"og:image:width\" content=\"1200\" \/>\n\t<meta property=\"og:image:height\" content=\"630\" \/>\n\t<meta property=\"og:image:type\" content=\"image\/png\" \/>\n<meta name=\"twitter:card\" content=\"summary_large_image\" \/>\n<meta name=\"twitter:site\" content=\"@augmentir\" \/>\n<script type=\"application\/ld+json\" class=\"yoast-schema-graph\">{\"@context\":\"https:\/\/schema.org\",\"@graph\":[{\"@type\":\"WebPage\",\"@id\":\"https:\/\/www.augmentir.com\/fr\/imts-ebook\",\"url\":\"https:\/\/www.augmentir.com\/fr\/imts-ebook\",\"name\":\"IMTS - Manufacturings Labor Gap and the Future of Work - Augmentir\",\"isPartOf\":{\"@id\":\"https:\/\/www.augmentir.com\/#website\"},\"primaryImageOfPage\":{\"@id\":\"https:\/\/www.augmentir.com\/fr\/imts-ebook#primaryimage\"},\"image\":{\"@id\":\"https:\/\/www.augmentir.com\/fr\/imts-ebook#primaryimage\"},\"thumbnailUrl\":\"https:\/\/www.augmentir.com\/wp-content\/uploads\/2022\/08\/manufacturing-labor-gap-and-future-of-work.png\",\"datePublished\":\"2022-09-14T13:11:24+00:00\",\"dateModified\":\"2022-09-16T14:47:43+00:00\",\"description\":\"A new generation of smart connected worker tools are allowing companies to deliver effective skills management, training, collaboration, and on the job support for today\u2019s more dynamic, more flexible workforce.\",\"breadcrumb\":{\"@id\":\"https:\/\/www.augmentir.com\/fr\/imts-ebook#breadcrumb\"},\"inLanguage\":\"es\",\"potentialAction\":[{\"@type\":\"ReadAction\",\"target\":[\"https:\/\/www.augmentir.com\/fr\/imts-ebook\"]}]},{\"@type\":\"ImageObject\",\"inLanguage\":\"es\",\"@id\":\"https:\/\/www.augmentir.com\/fr\/imts-ebook#primaryimage\",\"url\":\"https:\/\/www.augmentir.com\/wp-content\/uploads\/2022\/08\/manufacturing-labor-gap-and-future-of-work.png\",\"contentUrl\":\"https:\/\/www.augmentir.com\/wp-content\/uploads\/2022\/08\/manufacturing-labor-gap-and-future-of-work.png\",\"width\":1200,\"height\":630,\"caption\":\"manufacturing labor gap and the future of work\"},{\"@type\":\"BreadcrumbList\",\"@id\":\"https:\/\/www.augmentir.com\/fr\/imts-ebook#breadcrumb\",\"itemListElement\":[{\"@type\":\"ListItem\",\"position\":1,\"name\":\"Home\",\"item\":\"https:\/\/www.augmentir.com\/\"},{\"@type\":\"ListItem\",\"position\":2,\"name\":\"IMTS &#8211; Manufacturings Labor Gap and the Future of Work\"}]},{\"@type\":\"WebSite\",\"@id\":\"https:\/\/www.augmentir.com\/#website\",\"url\":\"https:\/\/www.augmentir.com\/\",\"name\":\"Augmentir\",\"description\":\"AI-Powered Connected Worker Platform\",\"publisher\":{\"@id\":\"https:\/\/www.augmentir.com\/#organization\"},\"potentialAction\":[{\"@type\":\"SearchAction\",\"target\":{\"@type\":\"EntryPoint\",\"urlTemplate\":\"https:\/\/www.augmentir.com\/?s={search_term_string}\"},\"query-input\":{\"@type\":\"PropertyValueSpecification\",\"valueRequired\":true,\"valueName\":\"search_term_string\"}}],\"inLanguage\":\"es\"},{\"@type\":\"Organization\",\"@id\":\"https:\/\/www.augmentir.com\/#organization\",\"name\":\"Augmentir, Inc.\",\"url\":\"https:\/\/www.augmentir.com\/\",\"logo\":{\"@type\":\"ImageObject\",\"inLanguage\":\"es\",\"@id\":\"https:\/\/www.augmentir.com\/#\/schema\/logo\/image\/\",\"url\":\"https:\/\/www.augmentir.com\/wp-content\/uploads\/2021\/10\/Augmentir_Logo.svg\",\"contentUrl\":\"https:\/\/www.augmentir.com\/wp-content\/uploads\/2021\/10\/Augmentir_Logo.svg\",\"width\":\"1200\",\"height\":\"1200\",\"caption\":\"Augmentir, Inc.\"},\"image\":{\"@id\":\"https:\/\/www.augmentir.com\/#\/schema\/logo\/image\/\"},\"sameAs\":[\"https:\/\/x.com\/augmentir\",\"https:\/\/www.linkedin.com\/company\/augmentir\"]}]}<\/script>\n<!-- \/ Yoast SEO plugin. -->","yoast_head_json":{"title":"IMTS - Manufacturings Labor Gap and the Future of Work - Augmentir","description":"A new generation of smart connected worker tools are allowing companies to deliver effective skills management, training, collaboration, and on the job support for today\u2019s more dynamic, more flexible workforce.","robots":{"index":"index","follow":"follow","max-snippet":"max-snippet:-1","max-image-preview":"max-image-preview:large","max-video-preview":"max-video-preview:-1"},"canonical":"https:\/\/www.augmentir.com\/es\/imts-ebook","og_locale":"es_ES","og_type":"article","og_title":"IMTS - Manufacturings Labor Gap and the Future of Work - Augmentir","og_description":"A new generation of smart connected worker tools are allowing companies to deliver effective skills management, training, collaboration, and on the job support for today\u2019s more dynamic, more flexible workforce.","og_url":"https:\/\/www.augmentir.com\/es\/imts-ebook","og_site_name":"Augmentir","article_modified_time":"2022-09-16T14:47:43+00:00","og_image":[{"width":1200,"height":630,"url":"https:\/\/www.augmentir.com\/wp-content\/uploads\/2022\/08\/manufacturing-labor-gap-and-future-of-work.png","type":"image\/png"}],"twitter_card":"summary_large_image","twitter_site":"@augmentir","schema":{"@context":"https:\/\/schema.org","@graph":[{"@type":"WebPage","@id":"https:\/\/www.augmentir.com\/fr\/imts-ebook","url":"https:\/\/www.augmentir.com\/fr\/imts-ebook","name":"IMTS - Manufacturings Labor Gap and the Future of Work - Augmentir","isPartOf":{"@id":"https:\/\/www.augmentir.com\/#website"},"primaryImageOfPage":{"@id":"https:\/\/www.augmentir.com\/fr\/imts-ebook#primaryimage"},"image":{"@id":"https:\/\/www.augmentir.com\/fr\/imts-ebook#primaryimage"},"thumbnailUrl":"https:\/\/www.augmentir.com\/wp-content\/uploads\/2022\/08\/manufacturing-labor-gap-and-future-of-work.png","datePublished":"2022-09-14T13:11:24+00:00","dateModified":"2022-09-16T14:47:43+00:00","description":"A new generation of smart connected worker tools are allowing companies to deliver effective skills management, training, collaboration, and on the job support for today\u2019s more dynamic, more flexible workforce.","breadcrumb":{"@id":"https:\/\/www.augmentir.com\/fr\/imts-ebook#breadcrumb"},"inLanguage":"es","potentialAction":[{"@type":"ReadAction","target":["https:\/\/www.augmentir.com\/fr\/imts-ebook"]}]},{"@type":"ImageObject","inLanguage":"es","@id":"https:\/\/www.augmentir.com\/fr\/imts-ebook#primaryimage","url":"https:\/\/www.augmentir.com\/wp-content\/uploads\/2022\/08\/manufacturing-labor-gap-and-future-of-work.png","contentUrl":"https:\/\/www.augmentir.com\/wp-content\/uploads\/2022\/08\/manufacturing-labor-gap-and-future-of-work.png","width":1200,"height":630,"caption":"manufacturing labor gap and the future of work"},{"@type":"BreadcrumbList","@id":"https:\/\/www.augmentir.com\/fr\/imts-ebook#breadcrumb","itemListElement":[{"@type":"ListItem","position":1,"name":"Home","item":"https:\/\/www.augmentir.com\/"},{"@type":"ListItem","position":2,"name":"IMTS &#8211; Manufacturings Labor Gap and the Future of Work"}]},{"@type":"WebSite","@id":"https:\/\/www.augmentir.com\/#website","url":"https:\/\/www.augmentir.com\/","name":"Augmentir","description":"AI-Powered Connected Worker Platform","publisher":{"@id":"https:\/\/www.augmentir.com\/#organization"},"potentialAction":[{"@type":"SearchAction","target":{"@type":"EntryPoint","urlTemplate":"https:\/\/www.augmentir.com\/?s={search_term_string}"},"query-input":{"@type":"PropertyValueSpecification","valueRequired":true,"valueName":"search_term_string"}}],"inLanguage":"es"},{"@type":"Organization","@id":"https:\/\/www.augmentir.com\/#organization","name":"Augmentir, Inc.","url":"https:\/\/www.augmentir.com\/","logo":{"@type":"ImageObject","inLanguage":"es","@id":"https:\/\/www.augmentir.com\/#\/schema\/logo\/image\/","url":"https:\/\/www.augmentir.com\/wp-content\/uploads\/2021\/10\/Augmentir_Logo.svg","contentUrl":"https:\/\/www.augmentir.com\/wp-content\/uploads\/2021\/10\/Augmentir_Logo.svg","width":"1200","height":"1200","caption":"Augmentir, Inc."},"image":{"@id":"https:\/\/www.augmentir.com\/#\/schema\/logo\/image\/"},"sameAs":["https:\/\/x.com\/augmentir","https:\/\/www.linkedin.com\/company\/augmentir"]}]}},"_links":{"self":[{"href":"https:\/\/www.augmentir.com\/es\/wp-json\/wp\/v2\/pages\/13111","targetHints":{"allow":["GET"]}}],"collection":[{"href":"https:\/\/www.augmentir.com\/es\/wp-json\/wp\/v2\/pages"}],"about":[{"href":"https:\/\/www.augmentir.com\/es\/wp-json\/wp\/v2\/types\/page"}],"author":[{"embeddable":true,"href":"https:\/\/www.augmentir.com\/es\/wp-json\/wp\/v2\/users\/1"}],"replies":[{"embeddable":true,"href":"https:\/\/www.augmentir.com\/es\/wp-json\/wp\/v2\/comments?post=13111"}],"version-history":[{"count":0,"href":"https:\/\/www.augmentir.com\/es\/wp-json\/wp\/v2\/pages\/13111\/revisions"}],"wp:featuredmedia":[{"embeddable":true,"href":"https:\/\/www.augmentir.com\/es\/wp-json\/wp\/v2\/media\/13049"}],"wp:attachment":[{"href":"https:\/\/www.augmentir.com\/es\/wp-json\/wp\/v2\/media?parent=13111"}],"curies":[{"name":"wp","href":"https:\/\/api.w.org\/{rel}","templated":true}]}}